{"id":179,"date":"2021-01-17T09:06:25","date_gmt":"2021-01-17T13:06:25","guid":{"rendered":"http:\/\/www.perseusdata2.com\/camarabarreirinha\/?page_id=179"},"modified":"2025-01-15T11:11:10","modified_gmt":"2025-01-15T15:11:10","slug":"organizacional","status":"publish","type":"page","link":"https:\/\/www.perseusdata2.com\/camarabarreirinha\/organizacional\/","title":{"rendered":"Organizacional"},"content":{"rendered":"\t\t<div data-elementor-type=\"wp-page\" data-elementor-id=\"179\" class=\"elementor elementor-179\">\n\t\t\t\t\t\t<div class=\"elementor-inner\">\n\t\t\t\t<div class=\"elementor-section-wrap\">\n\t\t\t\t\t\t\t\t\t<section class=\"elementor-section elementor-top-section elementor-element elementor-element-b4cfa13 elementor-section-full_width elementor-section-height-default elementor-section-height-default\" data-id=\"b4cfa13\" data-element_type=\"section\">\n\t\t\t\t\t\t<div class=\"elementor-container elementor-column-gap-default\">\n\t\t\t\t\t\t\t<div class=\"elementor-row\">\n\t\t\t\t\t<div class=\"elementor-column elementor-col-33 elementor-top-column elementor-element elementor-element-7996594\" data-id=\"7996594\" data-element_type=\"column\">\n\t\t\t<div class=\"elementor-column-wrap\">\n\t\t\t\t\t\t\t<div class=\"elementor-widget-wrap\">\n\t\t\t\t\t\t\t\t<\/div>\n\t\t\t\t\t<\/div>\n\t\t<\/div>\n\t\t\t\t<div class=\"elementor-column elementor-col-33 elementor-top-column elementor-element elementor-element-f749547\" data-id=\"f749547\" data-element_type=\"column\">\n\t\t\t<div class=\"elementor-column-wrap\">\n\t\t\t\t\t\t\t<div class=\"elementor-widget-wrap\">\n\t\t\t\t\t\t\t\t<\/div>\n\t\t\t\t\t<\/div>\n\t\t<\/div>\n\t\t\t\t<div class=\"elementor-column elementor-col-33 elementor-top-column elementor-element elementor-element-8d847cf\" data-id=\"8d847cf\" data-element_type=\"column\">\n\t\t\t<div class=\"elementor-column-wrap elementor-element-populated\">\n\t\t\t\t\t\t\t<div class=\"elementor-widget-wrap\">\n\t\t\t\t\t\t<div class=\"elementor-element elementor-element-b210b52 elementor-headline--style-highlight elementor-widget elementor-widget-animated-headline\" data-id=\"b210b52\" data-element_type=\"widget\" data-settings=\"{&quot;marker&quot;:&quot;underline&quot;,&quot;highlighted_text&quot;:&quot;Organizacional&quot;,&quot;headline_style&quot;:&quot;highlight&quot;,&quot;loop&quot;:&quot;yes&quot;,&quot;highlight_animation_duration&quot;:1200,&quot;highlight_iteration_delay&quot;:8000}\" data-widget_type=\"animated-headline.default\">\n\t\t\t\t<div class=\"elementor-widget-container\">\n\t\t\t\t\t<h4 class=\"elementor-headline\">\n\t\t\t\t<span class=\"elementor-headline-dynamic-wrapper elementor-headline-text-wrapper\">\n\t\t\t\t\t<span class=\"elementor-headline-dynamic-text elementor-headline-text-active\">Organizacional<\/span>\n\t\t\t\t<\/span>\n\t\t\t\t<\/h4>\n\t\t\t\t<\/div>\n\t\t\t\t<\/div>\n\t\t\t\t\t\t<\/div>\n\t\t\t\t\t<\/div>\n\t\t<\/div>\n\t\t\t\t\t\t\t\t<\/div>\n\t\t\t\t\t<\/div>\n\t\t<\/section>\n\t\t\t\t<section class=\"elementor-section elementor-top-section elementor-element elementor-element-f6578f3 elementor-section-boxed elementor-section-height-default elementor-section-height-default\" data-id=\"f6578f3\" data-element_type=\"section\">\n\t\t\t\t\t\t<div class=\"elementor-container elementor-column-gap-default\">\n\t\t\t\t\t\t\t<div class=\"elementor-row\">\n\t\t\t\t\t<div class=\"elementor-column elementor-col-100 elementor-top-column elementor-element elementor-element-a008bcb\" data-id=\"a008bcb\" data-element_type=\"column\">\n\t\t\t<div class=\"elementor-column-wrap elementor-element-populated\">\n\t\t\t\t\t\t\t<div class=\"elementor-widget-wrap\">\n\t\t\t\t\t\t<div class=\"elementor-element elementor-element-194f4d2 elementor-widget elementor-widget-spacer\" data-id=\"194f4d2\" data-element_type=\"widget\" data-widget_type=\"spacer.default\">\n\t\t\t\t<div class=\"elementor-widget-container\">\n\t\t\t\t\t<div class=\"elementor-spacer\">\n\t\t\t<div class=\"elementor-spacer-inner\"><\/div>\n\t\t<\/div>\n\t\t\t\t<\/div>\n\t\t\t\t<\/div>\n\t\t\t\t<div class=\"elementor-element elementor-element-879cd30 elementor-widget elementor-widget-text-editor\" data-id=\"879cd30\" data-element_type=\"widget\" data-widget_type=\"text-editor.default\">\n\t\t\t\t<div class=\"elementor-widget-container\">\n\t\t\t\t\t\t\t\t<div class=\"elementor-text-editor elementor-clearfix\">\n\t\t\t\t<p class=\"western\" align=\"center\"><span style=\"font-family: 'Times New Roman', serif; color: #000000;\"><span style=\"font-size: medium;\"><b>VEREADORES(AS) DA C\u00c2MARA MUNICIPAL DE BARREIRINHA <\/b><\/span><\/span><\/p><p class=\"western\" align=\"center\"><span style=\"font-family: 'Times New Roman', serif; color: #000000;\"><span style=\"font-size: medium;\"><b>LEGISLATURA 2025\/2028<\/b><\/span><\/span><\/p><p class=\"western\"><span style=\"color: #000000;\"><span style=\"font-family: Times New Roman, serif;\"><span style=\"font-size: medium;\"><b>Renilson C\u00e9zar Marinho Andrade<\/b><\/span><\/span><span style=\"font-family: Times New Roman, serif;\"><span style=\"font-size: medium;\"> \u2013 Presidente (Renilson Marinho \u2013 Uni\u00e3o Brasil)<\/span><\/span><\/span><\/p><p class=\"western\"><span style=\"font-family: 'Times New Roman', serif; color: #000000;\"><span style=\"font-size: medium;\">Telefone: (92) 99322-6874<\/span><\/span><\/p><p class=\"western\"><span style=\"color: #000000;\"><span style=\"font-family: Times New Roman, serif;\"><span style=\"font-size: medium;\"><b>Maria Margarete de Melo Carneiro<\/b><\/span><\/span><span style=\"font-family: Times New Roman, serif;\"><span style=\"font-size: medium;\"> \u2013 Vice-Presidente (Margarete Carneiro &#8211; PSD)<\/span><\/span><\/span><\/p><p class=\"western\"><span style=\"font-family: 'Times New Roman', serif; color: #000000;\"><span style=\"font-size: medium;\">Telefone: (92) 99486-5960<\/span><\/span><\/p><p class=\"western\"><span style=\"color: #000000;\"><span style=\"font-family: Times New Roman, serif;\"><span style=\"font-size: medium;\"><b>Jociane Siqueira Carneiro<\/b><\/span><\/span><span style=\"font-family: Times New Roman, serif;\"><span style=\"font-size: medium;\"> \u2013 1\u00aa Secret\u00e1ria (Dona J\u00f4 &#8211; PP)<\/span><\/span><\/span><\/p><p class=\"western\"><span style=\"font-family: 'Times New Roman', serif; color: #000000;\"><span style=\"font-size: medium;\">Telefone: (92) 98437-4455<\/span><\/span><\/p><p class=\"western\"><span style=\"color: #000000;\"><span style=\"font-family: Times New Roman, serif;\"><span style=\"font-size: medium;\"><b>Erasmo Batista de Oliveira<\/b><\/span><\/span><span style=\"font-family: Times New Roman, serif;\"><span style=\"font-size: medium;\"> \u2013 2\u00ba Secret\u00e1rio (Erasmo Sater\u00e9 &#8211; PSD)<\/span><\/span><\/span><\/p><p class=\"western\"><span style=\"font-family: 'Times New Roman', serif; color: #000000;\"><span style=\"font-size: medium;\">Telefone: (92) 99529-6758<\/span><\/span><\/p><p class=\"western\"><span style=\"color: #000000;\"><span style=\"font-family: Times New Roman, serif;\"><span style=\"font-size: medium;\"><b>Carlos Andr\u00e9 Pedreno Trindade<\/b><\/span><\/span><span style=\"font-family: Times New Roman, serif;\"><span style=\"font-size: medium;\"> (Ded\u00e9 Pedreno &#8211; PP)<\/span><\/span><\/span><\/p><p class=\"western\"><span style=\"font-family: 'Times New Roman', serif; color: #000000;\"><span style=\"font-size: medium;\">Telefone: (92) 99148-3993<\/span><\/span><\/p><p class=\"western\"><span style=\"color: #000000;\"><span style=\"font-family: Times New Roman, serif;\"><span style=\"font-size: medium;\"><b>Jo\u00e3o Pereira Vasconcelos<\/b><\/span><\/span><span style=\"font-family: Times New Roman, serif;\"><span style=\"font-size: medium;\"> (Jo\u00e3o Vasconcelos &#8211; PRD)<\/span><\/span><\/span><\/p><p class=\"western\"><span style=\"font-family: 'Times New Roman', serif; color: #000000;\"><span style=\"font-size: medium;\">Telefone: (92) 99231-5246<\/span><\/span><\/p><p class=\"western\"><span style=\"color: #000000;\"><span style=\"font-family: Times New Roman, serif;\"><span style=\"font-size: medium;\"><b>Laudinei Carneiro Barros J\u00fanior<\/b><\/span><\/span><span style=\"font-family: Times New Roman, serif;\"><span style=\"font-size: medium;\"> (Juninho Carneiro &#8211; PODE)<\/span><\/span><\/span><\/p><p class=\"western\"><span style=\"font-family: 'Times New Roman', serif; color: #000000;\"><span style=\"font-size: medium;\">Telefone: (92) 99449-3692<\/span><\/span><\/p><p class=\"western\"><span style=\"color: #000000;\"><span style=\"font-family: Times New Roman, serif;\"><span style=\"font-size: medium;\"><b>Maike Ferreira Batista<\/b><\/span><\/span><span style=\"font-family: Times New Roman, serif;\"><span style=\"font-size: medium;\"> (Maikinho Batista &#8211; PODE)<\/span><\/span><\/span><\/p><p class=\"western\"><span style=\"font-family: 'Times New Roman', serif; color: #000000;\"><span style=\"font-size: medium;\">Telefone: (92) 99344-0337<\/span><\/span><\/p><p class=\"western\"><span style=\"color: #000000;\"><span style=\"font-family: Times New Roman, serif;\"><span style=\"font-size: medium;\"><b>Klelson Alves Da Silva<\/b><\/span><\/span><span style=\"font-family: Times New Roman, serif;\"><span style=\"font-size: medium;\"> (Dr. Klelson \u2013 Uni\u00e3o Brasil)<\/span><\/span><\/span><\/p><p class=\"western\"><span style=\"font-family: 'Times New Roman', serif; color: #000000;\"><span style=\"font-size: medium;\">Telefone: (92) 99246-8494<\/span><\/span><\/p><p class=\"western\"><span style=\"color: #000000;\"><span style=\"font-family: Times New Roman, serif;\"><span style=\"font-size: medium;\"><b>Valcenira Nunis Ferreira<\/b><\/span><\/span><span style=\"font-family: Times New Roman, serif;\"><span style=\"font-size: medium;\"> (Dona Val \u2013 Uni\u00e3o Brasil)<\/span><\/span><\/span><\/p><p class=\"western\"><span style=\"font-family: 'Times New Roman', serif; color: #000000;\"><span style=\"font-size: medium;\">Telefone: (92) 99529-7669<\/span><\/span><\/p><p class=\"western\"><span style=\"color: #000000;\"><span style=\"font-family: Times New Roman, serif;\"><span style=\"font-size: medium;\"><b>Manoel Vasconcelos Tavares<\/b><\/span><\/span><span style=\"font-family: Times New Roman, serif;\"><span style=\"font-size: medium;\"> (Aderaldo Tavares &#8211; PT)<\/span><\/span><\/span><\/p><p class=\"western\"><span style=\"font-family: 'Times New Roman', serif; color: #000000;\"><span style=\"font-size: medium;\">Telefone: (92) 99507-5404<\/span><\/span><\/p><p class=\"western\" align=\"center\"><span style=\"font-family: 'Times New Roman', serif; color: #000000;\"><span style=\"font-size: medium;\"><b>SERVIDORES<\/b><\/span><\/span><\/p><p class=\"western\" align=\"justify\"><span style=\"color: #000000;\"><span style=\"font-family: Times New Roman, serif;\"><span style=\"font-size: medium;\"><b>Flaviane dos Santos Pedreno \u2013 <\/b><\/span><\/span><span style=\"font-family: Times New Roman, serif;\"><span style=\"font-size: medium;\">Controladora Interna<\/span><\/span><\/span><\/p><p class=\"western\" align=\"justify\"><span style=\"color: #000000;\"><span style=\"font-family: Times New Roman, serif;\"><span style=\"font-size: medium;\"><b>Adrea dos Santos Ara\u00fajo \u2013 <\/b><\/span><\/span><span style=\"font-family: Times New Roman, serif;\"><span style=\"font-size: medium;\">Secret\u00e1ria de Administra\u00e7\u00e3o Geral<\/span><\/span><\/span><\/p><p class=\"western\" align=\"justify\"><span style=\"font-family: 'Times New Roman', serif; color: #000000;\"><span style=\"font-size: medium;\"><b>Emerson Bezerra Gon\u00e7alves \u2013 Secret\u00e1rio de Finan\u00e7as<\/b><\/span><\/span><\/p><p class=\"western\" align=\"justify\"><span style=\"color: #000000;\"><span style=\"font-family: Times New Roman, serif;\"><span style=\"font-size: medium;\"><b>Katrine dos Santos Dutra \u2013 <\/b><\/span><\/span><span style=\"font-family: Times New Roman, serif;\"><span style=\"font-size: medium;\">Chefe de Gabinete<\/span><\/span><\/span><\/p><p class=\"western\" align=\"justify\"><span style=\"color: #000000;\"><span style=\"font-family: Times New Roman, serif;\"><span style=\"font-size: medium;\"><b>Jos\u00e9 Maria Bel\u00e9m Carneiro \u2013 <\/b><\/span><\/span><span style=\"font-family: Times New Roman, serif;\"><span style=\"font-size: medium;\">Chefe do Setor de Registro Legislativo<\/span><\/span><\/span><\/p><p class=\"western\" align=\"justify\"><span style=\"color: #000000;\"><span style=\"font-family: Times New Roman, serif;\"><span style=\"font-size: medium;\"><b>Jos\u00e9 Manoel dos Santos Dutra \u2013 <\/b><\/span><\/span><span style=\"font-family: Times New Roman, serif;\"><span style=\"font-size: medium;\">Chefe do Setor de Pessoal<\/span><\/span><\/span><\/p><p class=\"western\" align=\"justify\"><span style=\"color: #000000;\"><span style=\"font-family: Times New Roman, serif;\"><span style=\"font-size: medium;\"><b>Ana Rita Bezerra Cerdeira \u2013 <\/b><\/span><\/span><span style=\"font-family: Times New Roman, serif;\"><span style=\"font-size: medium;\">Assessora Especial de Comiss\u00e3o<\/span><\/span><\/span><\/p><p class=\"western\" align=\"justify\"><span style=\"color: #000000;\"><span style=\"font-family: Times New Roman, serif;\"><span style=\"font-size: medium;\"><b>Maria Marina da Costa Maia \u2013 <\/b><\/span><\/span><span style=\"font-family: Times New Roman, serif;\"><span style=\"font-size: medium;\">Digitadora<\/span><\/span><\/span><\/p><p class=\"western\" align=\"justify\"><span style=\"color: #000000;\"><span style=\"font-family: Times New Roman, serif;\"><span style=\"font-size: medium;\"><b>Maria Gracinilda Reis Gon\u00e7alves \u2013 <\/b><\/span><\/span><span style=\"font-family: Times New Roman, serif;\"><span style=\"font-size: medium;\">Auxiliar de Servi\u00e7os Gerais<\/span><\/span><\/span><\/p><p class=\"western\" align=\"justify\"><span style=\"color: #000000;\"><span style=\"font-family: Times New Roman, serif;\"><span style=\"font-size: medium;\"><b>Nazar\u00e9 Auxiliadora Butel da Silva \u2013 <\/b><\/span><\/span><span style=\"font-family: Times New Roman, serif;\"><span style=\"font-size: medium;\">Auxiliar de Servi\u00e7os Gerais<\/span><\/span><\/span><\/p><p class=\"western\" align=\"justify\"><span style=\"color: #000000;\"><span style=\"font-family: Times New Roman, serif;\"><span style=\"font-size: medium;\"><b>Manoel dos Santos Dutra \u2013 <\/b><\/span><\/span><span style=\"font-family: Times New Roman, serif;\"><span style=\"font-size: medium;\">Agente Legislativo<\/span><\/span><\/span><\/p><p class=\"western\" align=\"justify\"><span style=\"color: #000000;\"><span style=\"font-family: Times New Roman, serif;\"><span style=\"font-size: medium;\"><b>Ozimar dos Santos Barbosa \u2013 <\/b><\/span><\/span><span style=\"font-family: Times New Roman, serif;\"><span style=\"font-size: medium;\">Agente de Seguran\u00e7a<\/span><\/span><\/span><\/p><p class=\"western\" align=\"justify\"><span style=\"color: #000000;\"><span style=\"font-family: Times New Roman, serif;\"><span style=\"font-size: medium;\"><b>Astrogiza Carneiro Cabral \u2013 <\/b><\/span><\/span><span style=\"font-family: Times New Roman, serif;\"><span style=\"font-size: medium;\">Agente Administrativo<\/span><\/span><\/span><\/p><p class=\"western\" align=\"justify\"><span style=\"color: #000000;\"><span style=\"font-family: Times New Roman, serif;\"><span style=\"font-size: medium;\"><b>Edilson Ferreira da Silva \u2013 <\/b><\/span><\/span><span style=\"font-family: Times New Roman, serif;\"><span style=\"font-size: medium;\">Vigia Noturno<\/span><\/span><\/span><\/p><p class=\"western\" align=\"justify\"><span style=\"color: #000000;\"><span style=\"font-family: Times New Roman, serif;\"><span style=\"font-size: medium;\"><b>Raimundo Carlos Cruz Tavares \u2013 <\/b><\/span><\/span><span style=\"font-family: Times New Roman, serif;\"><span style=\"font-size: medium;\">Vigia Noturno<\/span><\/span><\/span><\/p><p class=\"western\" align=\"justify\"><span style=\"color: #000000;\"><span style=\"font-family: Times New Roman, serif;\"><span style=\"font-size: medium;\"><b>Alindembergue Viana de Souza \u2013 <\/b><\/span><\/span><span style=\"font-family: Times New Roman, serif;\"><span style=\"font-size: medium;\">Vigia Noturno<\/span><\/span><\/span><\/p><p class=\"western\" align=\"justify\"><span style=\"color: #000000;\"><span style=\"font-family: Times New Roman, serif;\"><span style=\"font-size: medium;\"><b>L\u00facia Maria Pereira Lopes \u2013 <\/b><\/span><\/span><span style=\"font-family: Times New Roman, serif;\"><span style=\"font-size: medium;\">Pensionista<\/span><\/span><\/span><\/p><p class=\"western\" align=\"justify\"><span style=\"color: #000000;\"><span style=\"font-family: Times New Roman, serif;\"><span style=\"font-size: medium;\"><b>Ver\u00f4nica Carneiro Cruz \u2013 <\/b><\/span><\/span><span style=\"font-family: Times New Roman, serif;\"><span style=\"font-size: medium;\">Pensionista<\/span><\/span><\/span><\/p>\t\t\t\t\t<\/div>\n\t\t\t\t\t\t<\/div>\n\t\t\t\t<\/div>\n\t\t\t\t\t\t<\/div>\n\t\t\t\t\t<\/div>\n\t\t<\/div>\n\t\t\t\t\t\t\t\t<\/div>\n\t\t\t\t\t<\/div>\n\t\t<\/section>\n\t\t\t\t\t\t\t\t\t<\/div>\n\t\t\t<\/div>\n\t\t\t\t\t<\/div>\n\t\t","protected":false},"excerpt":{"rendered":"<p>Organizacional VEREADORES(AS) DA C\u00c2MARA MUNICIPAL DE BARREIRINHA LEGISLATURA 2025\/2028 Renilson C\u00e9zar Marinho Andrade \u2013 Presidente (Renilson Marinho \u2013 Uni\u00e3o Brasil) Telefone: (92) 99322-6874 Maria Margarete de Melo Carneiro \u2013 Vice-Presidente (Margarete Carneiro &#8211; PSD) Telefone: (92) 99486-5960 Jociane Siqueira Carneiro \u2013 1\u00aa Secret\u00e1ria (Dona J\u00f4 &#8211; PP) Telefone: (92) 98437-4455 Erasmo Batista de Oliveira \u2013&hellip; <a class=\"more-link\" href=\"https:\/\/www.perseusdata2.com\/camarabarreirinha\/organizacional\/\">Continue reading <span class=\"screen-reader-text\">Organizacional<\/span><\/a><\/p>\n","protected":false},"author":1,"featured_media":1956,"parent":0,"menu_order":0,"comment_status":"closed","ping_status":"closed","template":"elementor_header_footer","meta":[],"_links":{"self":[{"href":"https:\/\/www.perseusdata2.com\/camarabarreirinha\/wp-json\/wp\/v2\/pages\/179"}],"collection":[{"href":"https:\/\/www.perseusdata2.com\/camarabarreirinha\/wp-json\/wp\/v2\/pages"}],"about":[{"href":"https:\/\/www.perseusdata2.com\/camarabarreirinha\/wp-json\/wp\/v2\/types\/page"}],"author":[{"embeddable":true,"href":"https:\/\/www.perseusdata2.com\/camarabarreirinha\/wp-json\/wp\/v2\/users\/1"}],"replies":[{"embeddable":true,"href":"https:\/\/www.perseusdata2.com\/camarabarreirinha\/wp-json\/wp\/v2\/comments?post=179"}],"version-history":[{"count":113,"href":"https:\/\/www.perseusdata2.com\/camarabarreirinha\/wp-json\/wp\/v2\/pages\/179\/revisions"}],"predecessor-version":[{"id":2842,"href":"https:\/\/www.perseusdata2.com\/camarabarreirinha\/wp-json\/wp\/v2\/pages\/179\/revisions\/2842"}],"wp:featuredmedia":[{"embeddable":true,"href":"https:\/\/www.perseusdata2.com\/camarabarreirinha\/wp-json\/wp\/v2\/media\/1956"}],"wp:attachment":[{"href":"https:\/\/www.perseusdata2.com\/camarabarreirinha\/wp-json\/wp\/v2\/media?parent=179"}],"curies":[{"name":"wp","href":"https:\/\/api.w.org\/{rel}","templated":true}]}}