{"id":179,"date":"2021-01-17T09:06:25","date_gmt":"2021-01-17T13:06:25","guid":{"rendered":"http:\/\/www.perseusdata2.com\/pmcamurucara\/?page_id=179"},"modified":"2025-01-20T06:02:11","modified_gmt":"2025-01-20T10:02:11","slug":"organizacional","status":"publish","type":"page","link":"https:\/\/www.perseusdata2.com\/pmcamurucara\/organizacional\/","title":{"rendered":"Organizacional"},"content":{"rendered":"\t\t<div data-elementor-type=\"wp-page\" data-elementor-id=\"179\" class=\"elementor elementor-179\">\n\t\t\t\t\t\t<div class=\"elementor-inner\">\n\t\t\t\t<div class=\"elementor-section-wrap\">\n\t\t\t\t\t\t\t\t\t<section class=\"elementor-section elementor-top-section elementor-element elementor-element-b4cfa13 elementor-section-full_width elementor-section-height-default elementor-section-height-default\" data-id=\"b4cfa13\" data-element_type=\"section\">\n\t\t\t\t\t\t<div class=\"elementor-container elementor-column-gap-default\">\n\t\t\t\t\t\t\t<div class=\"elementor-row\">\n\t\t\t\t\t<div class=\"elementor-column elementor-col-33 elementor-top-column elementor-element elementor-element-7996594\" data-id=\"7996594\" data-element_type=\"column\">\n\t\t\t<div class=\"elementor-column-wrap\">\n\t\t\t\t\t\t\t<div class=\"elementor-widget-wrap\">\n\t\t\t\t\t\t\t\t<\/div>\n\t\t\t\t\t<\/div>\n\t\t<\/div>\n\t\t\t\t<div class=\"elementor-column elementor-col-33 elementor-top-column elementor-element elementor-element-f749547\" data-id=\"f749547\" data-element_type=\"column\">\n\t\t\t<div class=\"elementor-column-wrap\">\n\t\t\t\t\t\t\t<div class=\"elementor-widget-wrap\">\n\t\t\t\t\t\t\t\t<\/div>\n\t\t\t\t\t<\/div>\n\t\t<\/div>\n\t\t\t\t<div class=\"elementor-column elementor-col-33 elementor-top-column elementor-element elementor-element-8d847cf\" data-id=\"8d847cf\" data-element_type=\"column\">\n\t\t\t<div class=\"elementor-column-wrap elementor-element-populated\">\n\t\t\t\t\t\t\t<div class=\"elementor-widget-wrap\">\n\t\t\t\t\t\t<div class=\"elementor-element elementor-element-b210b52 elementor-headline--style-highlight elementor-widget elementor-widget-animated-headline\" data-id=\"b210b52\" data-element_type=\"widget\" data-settings=\"{&quot;marker&quot;:&quot;underline&quot;,&quot;highlighted_text&quot;:&quot;Organizacional&quot;,&quot;headline_style&quot;:&quot;highlight&quot;,&quot;loop&quot;:&quot;yes&quot;,&quot;highlight_animation_duration&quot;:1200,&quot;highlight_iteration_delay&quot;:8000}\" data-widget_type=\"animated-headline.default\">\n\t\t\t\t<div class=\"elementor-widget-container\">\n\t\t\t\t\t<h4 class=\"elementor-headline\">\n\t\t\t\t<span class=\"elementor-headline-dynamic-wrapper elementor-headline-text-wrapper\">\n\t\t\t\t\t<span class=\"elementor-headline-dynamic-text elementor-headline-text-active\">Organizacional<\/span>\n\t\t\t\t<\/span>\n\t\t\t\t<\/h4>\n\t\t\t\t<\/div>\n\t\t\t\t<\/div>\n\t\t\t\t\t\t<\/div>\n\t\t\t\t\t<\/div>\n\t\t<\/div>\n\t\t\t\t\t\t\t\t<\/div>\n\t\t\t\t\t<\/div>\n\t\t<\/section>\n\t\t\t\t<section class=\"elementor-section elementor-top-section elementor-element elementor-element-2f262fd elementor-section-full_width elementor-section-height-default elementor-section-height-default\" data-id=\"2f262fd\" data-element_type=\"section\">\n\t\t\t\t\t\t<div class=\"elementor-container elementor-column-gap-default\">\n\t\t\t\t\t\t\t<div class=\"elementor-row\">\n\t\t\t\t\t<div class=\"elementor-column elementor-col-100 elementor-top-column elementor-element elementor-element-742c13d\" data-id=\"742c13d\" data-element_type=\"column\">\n\t\t\t<div class=\"elementor-column-wrap elementor-element-populated\">\n\t\t\t\t\t\t\t<div class=\"elementor-widget-wrap\">\n\t\t\t\t\t\t<div class=\"elementor-element elementor-element-6fa6e46 elementor-tabs-view-horizontal elementor-widget elementor-widget-tabs\" data-id=\"6fa6e46\" data-element_type=\"widget\" data-widget_type=\"tabs.default\">\n\t\t\t\t<div class=\"elementor-widget-container\">\n\t\t\t\t\t<div class=\"elementor-tabs\">\n\t\t\t<div class=\"elementor-tabs-wrapper\" role=\"tablist\" >\n\t\t\t\t\t\t\t\t\t<div id=\"elementor-tab-title-1171\" class=\"elementor-tab-title elementor-tab-desktop-title\" aria-selected=\"true\" data-tab=\"1\" role=\"tab\" tabindex=\"0\" aria-controls=\"elementor-tab-content-1171\" aria-expanded=\"false\"><a href=\"\">Servidores<\/a><\/div>\n\t\t\t\t\t\t\t\t\t<div id=\"elementor-tab-title-1172\" class=\"elementor-tab-title elementor-tab-desktop-title\" aria-selected=\"false\" data-tab=\"2\" role=\"tab\" tabindex=\"-1\" aria-controls=\"elementor-tab-content-1172\" aria-expanded=\"false\"><a href=\"\">Vereadores<\/a><\/div>\n\t\t\t\t\t\t\t\t\t<div id=\"elementor-tab-title-1173\" class=\"elementor-tab-title elementor-tab-desktop-title\" aria-selected=\"false\" data-tab=\"3\" role=\"tab\" tabindex=\"-1\" aria-controls=\"elementor-tab-content-1173\" aria-expanded=\"false\"><a href=\"\">Mesa Diretora<\/a><\/div>\n\t\t\t\t\t\t\t\t\t<div id=\"elementor-tab-title-1174\" class=\"elementor-tab-title elementor-tab-desktop-title\" aria-selected=\"false\" data-tab=\"4\" role=\"tab\" tabindex=\"-1\" aria-controls=\"elementor-tab-content-1174\" aria-expanded=\"false\"><a href=\"\">Departamentos<\/a><\/div>\n\t\t\t\t\t\t\t\t\t<div id=\"elementor-tab-title-1175\" class=\"elementor-tab-title elementor-tab-desktop-title\" aria-selected=\"false\" data-tab=\"5\" role=\"tab\" tabindex=\"-1\" aria-controls=\"elementor-tab-content-1175\" aria-expanded=\"false\"><a href=\"\">Hist\u00f3rico de Prefeito e Vereadores<\/a><\/div>\n\t\t\t\t\t\t\t<\/div>\n\t\t\t<div class=\"elementor-tabs-content-wrapper\" role=\"tablist\" aria-orientation=\"vertical\">\n\t\t\t\t\t\t\t\t\t<div class=\"elementor-tab-title elementor-tab-mobile-title\" aria-selected=\"true\" data-tab=\"1\" role=\"tab\" tabindex=\"0\" aria-controls=\"elementor-tab-content-1171\" aria-expanded=\"false\">Servidores<\/div>\n\t\t\t\t\t<div id=\"elementor-tab-content-1171\" class=\"elementor-tab-content elementor-clearfix\" data-tab=\"1\" role=\"tabpanel\" aria-labelledby=\"elementor-tab-title-1171\" tabindex=\"0\" hidden=\"false\"><p align=\"center\"><span style=\"font-size: medium; color: #000000;\"><span style=\"font-family: Cambria, serif;\">Rela\u00e7\u00e3o dos servidores da C\u00e2mara Municipal de Urucar\u00e1 no Exerc\u00edcio de 2025<\/span><\/span><\/p><p align=\"center\"><span style=\"font-size: medium; color: #000000;\"><span style=\"font-family: Cambria, serif;\"><b>CAMARA MUNCIPAL DE URUCAR\u00c1 <\/b><\/span><\/span><\/p><p align=\"center\"><span style=\"font-size: medium; color: #000000;\"><span style=\"font-family: Cambria, serif;\"><b>RUA CORONEL PINTO, 498 CENTRO URUCAR\u00c1-AM <\/b><\/span><\/span><\/p><p align=\"center\"><span style=\"font-size: medium; color: #000000;\"><span style=\"font-family: Cambria, serif;\"><b>CNPJ: 84 091.883\/0001-82<\/b><\/span><\/span><\/p><p align=\"center\"><span style=\"font-size: medium; color: #000000;\"><span style=\"font-family: Cambria, serif;\"><b>Rela\u00e7\u00e3o dos Servidores da C\u00e2mara Municipal de Urucar\u00e1<\/b><\/span><\/span><\/p><table width=\"941\" cellspacing=\"0\" cellpadding=\"9\"><tbody><tr valign=\"top\"><td width=\"300\" height=\"22\"><p align=\"center\"><span style=\"font-size: medium; color: #000000;\"><span style=\"font-family: Cambria, serif;\"><b>Nome<\/b><\/span><\/span><\/p><\/td><td width=\"242\"><p align=\"center\"><span style=\"font-size: medium; color: #000000;\"><span style=\"font-family: Cambria, serif;\"><b>Data de Admiss\u00e3o<\/b><\/span><\/span><\/p><\/td><td width=\"343\"><p align=\"center\"><span style=\"font-size: medium; color: #000000;\"><span style=\"font-family: Cambria, serif;\"><b>Cargo\/Fun\u00e7\u00e3o\/Emprego<\/b><\/span><\/span><\/p><\/td><\/tr><tr valign=\"top\"><td bgcolor=\"#d9d9d9\" width=\"300\" height=\"5\"><p align=\"left\"><span style=\"font-family: Calibri, serif; color: #000000;\"><span style=\"font-size: medium;\"><i><b>SERVIDORES EFETIVOS<\/b><\/i><\/span><\/span><\/p><\/td><td bgcolor=\"#d9d9d9\" width=\"242\">\u00a0<\/td><td bgcolor=\"#d9d9d9\" width=\"343\">\u00a0<\/td><\/tr><tr valign=\"top\"><td width=\"300\"><p align=\"left\"><span style=\"font-family: Calibri, serif; color: #000000;\"><span style=\"font-size: medium;\">JOSUE DA SILVA MENEZES<\/span><\/span><\/p><\/td><td width=\"242\"><p align=\"center\"><span style=\"font-family: Calibri, serif; color: #000000;\"><span style=\"font-size: medium;\"><b>03\/07\/1995<\/b><\/span><\/span><\/p><\/td><td width=\"343\"><p align=\"center\"><span style=\"font-family: Calibri, serif; color: #000000;\"><span style=\"font-size: medium;\">AGENTE DE SEGURAN\u00c7A I<\/span><\/span><\/p><\/td><\/tr><tr valign=\"top\"><td width=\"300\"><p align=\"left\"><span style=\"font-family: Calibri, serif; color: #000000;\"><span style=\"font-size: medium;\">MANUEL ADAUTO PINHEIRO DE CRISTO<\/span><\/span><\/p><\/td><td width=\"242\"><p align=\"center\"><span style=\"font-family: Calibri, serif; color: #000000;\"><span style=\"font-size: medium;\"><b>03\/07\/1995<\/b><\/span><\/span><\/p><\/td><td width=\"343\"><p align=\"center\"><span style=\"font-family: Calibri, serif; color: #000000;\"><span style=\"font-size: medium;\">AGENTE DE SEGURAN\u00c7A I<\/span><\/span><\/p><\/td><\/tr><tr valign=\"top\"><td width=\"300\"><p align=\"left\"><span style=\"font-family: Calibri, serif; color: #000000;\"><span style=\"font-size: medium;\">MARCOS ANTONIO DO ESP\u00cdRITO SANTO FERNANDES<\/span><\/span><\/p><\/td><td width=\"242\"><p align=\"center\"><span style=\"font-family: Calibri, serif; color: #000000;\"><span style=\"font-size: medium;\"><b>01\/04\/1996<\/b><\/span><\/span><\/p><\/td><td width=\"343\"><p align=\"center\"><span style=\"font-family: Calibri, serif; color: #000000;\"><span style=\"font-size: medium;\">AGENTE DE SEGURAN\u00c7A I<\/span><\/span><\/p><\/td><\/tr><tr valign=\"top\"><td width=\"300\"><p align=\"left\"><span style=\"font-family: Calibri, serif; color: #000000;\"><span style=\"font-size: medium;\">JO\u00c3O BOSCO DA CUNHA GUIMAR\u00c3ES<\/span><\/span><\/p><\/td><td width=\"242\"><p align=\"center\"><span style=\"font-family: Calibri, serif; color: #000000;\"><span style=\"font-size: medium;\"><b>01\/09\/1995<\/b><\/span><\/span><\/p><\/td><td width=\"343\"><p align=\"center\"><span style=\"font-family: Calibri, serif; color: #000000;\"><span style=\"font-size: medium;\">AGENTE DE SEGURAN\u00c7A II<\/span><\/span><\/p><\/td><\/tr><tr valign=\"top\"><td width=\"300\"><p align=\"left\"><span style=\"font-family: Calibri, serif; color: #000000;\"><span style=\"font-size: medium;\">AN\u00cdZIO LU\u00cdS ALFAIA DA CUNHA<\/span><\/span><\/p><\/td><td width=\"242\"><p align=\"center\"><span style=\"font-family: Calibri, serif; color: #000000;\"><span style=\"font-size: medium;\"><b>01\/06\/1995<\/b><\/span><\/span><\/p><\/td><td width=\"343\"><p align=\"center\"><span style=\"font-family: Calibri, serif; color: #000000;\"><span style=\"font-size: medium;\">AGENTE LEGISLATIVO<\/span><\/span><\/p><\/td><\/tr><tr valign=\"top\"><td width=\"300\"><p align=\"left\"><span style=\"font-family: Calibri, serif; color: #000000;\"><span style=\"font-size: medium;\">RAIMUNDO DIAS SERR\u00c3O JUNIOR<\/span><\/span><\/p><\/td><td width=\"242\"><p align=\"center\"><span style=\"font-family: Calibri, serif; color: #000000;\"><span style=\"font-size: medium;\"><b>03\/07\/1995<\/b><\/span><\/span><\/p><\/td><td width=\"343\"><p align=\"center\"><span style=\"font-family: Calibri, serif; color: #000000;\"><span style=\"font-size: medium;\">AUX DE SERVI\u00c7OS GERAIS III<\/span><\/span><\/p><\/td><\/tr><tr valign=\"top\"><td width=\"300\"><p align=\"left\"><span style=\"font-family: Calibri, serif; color: #000000;\"><span style=\"font-size: medium;\">CLOVIS LAVAREDA PENA<\/span><\/span><\/p><\/td><td width=\"242\"><p align=\"center\"><span style=\"font-family: Calibri, serif; color: #000000;\"><span style=\"font-size: medium;\"><b>03\/07\/1995<\/b><\/span><\/span><\/p><\/td><td width=\"343\"><p align=\"center\"><span style=\"font-family: Calibri, serif; color: #000000;\"><span style=\"font-size: medium;\">AUX DE SERVI\u00c7OS GERAIS I<\/span><\/span><\/p><\/td><\/tr><tr valign=\"top\"><td width=\"300\"><p align=\"left\"><span style=\"font-family: Calibri, serif; color: #000000;\"><span style=\"font-size: medium;\">JUCILEUZA GONZAGA TAVARES<\/span><\/span><\/p><\/td><td width=\"242\"><p align=\"center\"><span style=\"font-family: Calibri, serif; color: #000000;\"><span style=\"font-size: medium;\"><b>19\/07\/1995<\/b><\/span><\/span><\/p><\/td><td width=\"343\"><p align=\"center\"><span style=\"font-family: Calibri, serif; color: #000000;\"><span style=\"font-size: medium;\">AUX DE SERVI\u00c7OS GERAIS II<\/span><\/span><\/p><\/td><\/tr><tr valign=\"top\"><td width=\"300\"><p align=\"left\"><span style=\"font-family: Calibri, serif; color: #000000;\"><span style=\"font-size: medium;\">MARIA VALZENITA BATISTA DE MACEDO<\/span><\/span><\/p><\/td><td width=\"242\"><p align=\"center\"><span style=\"font-family: Calibri, serif; color: #000000;\"><span style=\"font-size: medium;\"><b>01\/08\/1995<\/b><\/span><\/span><\/p><\/td><td width=\"343\"><p align=\"center\"><span style=\"font-family: Calibri, serif; color: #000000;\"><span style=\"font-size: medium;\">AUX DE SERVI\u00c7OS GERAIS II<\/span><\/span><\/p><\/td><\/tr><tr valign=\"top\"><td width=\"300\"><p align=\"left\"><span style=\"font-family: Calibri, serif; color: #000000;\"><span style=\"font-size: medium;\">MARIA TELMA DOS SANTOS MARQUES<\/span><\/span><\/p><\/td><td width=\"242\"><p align=\"center\"><span style=\"font-family: Calibri, serif; color: #000000;\"><span style=\"font-size: medium;\"><b>03\/07\/1995<\/b><\/span><\/span><\/p><\/td><td width=\"343\"><p align=\"center\"><span style=\"font-family: Calibri, serif; color: #000000;\"><span style=\"font-size: medium;\">RECEPCIONISTA<\/span><\/span><\/p><\/td><\/tr><tr valign=\"top\"><td width=\"300\"><p align=\"left\"><span style=\"font-family: Calibri, serif; color: #000000;\"><span style=\"font-size: medium;\"><b>TOTAL: 10<\/b><\/span><\/span><\/p><\/td><td width=\"242\">\u00a0<\/td><td width=\"343\">\u00a0<\/td><\/tr><tr valign=\"top\"><td bgcolor=\"#d9d9d9\" width=\"300\" height=\"5\"><p align=\"left\"><span style=\"font-family: Calibri, serif; color: #000000;\"><span style=\"font-size: medium;\"><i><b>SERVIDORES EM CARGOS COMISSIONADOS<\/b><\/i><\/span><\/span><\/p><\/td><td bgcolor=\"#d9d9d9\" width=\"242\">\u00a0<\/td><td bgcolor=\"#d9d9d9\" width=\"343\">\u00a0<\/td><\/tr><tr valign=\"top\"><td width=\"300\"><p align=\"left\"><span style=\"font-family: Calibri, serif; color: #000000;\"><span style=\"font-size: medium;\">ROSA CORREA MARQUES<\/span><\/span><\/p><\/td><td width=\"242\"><p align=\"center\"><span style=\"font-family: Calibri, serif; color: #000000;\"><span style=\"font-size: medium;\"><b>02\/01\/2017<\/b><\/span><\/span><\/p><\/td><td width=\"343\"><p align=\"center\"><span style=\"font-family: Calibri, serif; color: #000000;\"><span style=\"font-size: medium;\">PROCURADORA JUR\u00cdDICA<\/span><\/span><\/p><\/td><\/tr><tr valign=\"top\"><td width=\"300\"><p align=\"left\"><span style=\"font-family: Calibri, serif; color: #000000;\"><span style=\"font-size: medium;\">LEONARDO MONTEIRO PIRES<\/span><\/span><\/p><\/td><td width=\"242\"><p align=\"center\"><span style=\"font-family: Calibri, serif; color: #000000;\"><span style=\"font-size: medium;\"><b>06\/03\/2021<\/b><\/span><\/span><\/p><\/td><td width=\"343\"><p align=\"center\"><span style=\"font-family: Calibri, serif; color: #000000;\"><span style=\"font-size: medium;\">TESOUREIRO<\/span><\/span><\/p><\/td><\/tr><tr valign=\"top\"><td width=\"300\"><p align=\"left\"><span style=\"font-family: Calibri, serif; color: #000000;\"><span style=\"font-size: medium;\">RA\u00cd ROBERT DA SILVA GOMES<\/span><\/span><\/p><\/td><td width=\"242\"><p align=\"center\"><span style=\"font-family: Calibri, serif; color: #000000;\"><span style=\"font-size: medium;\"><b>02\/01\/2019<\/b><\/span><\/span><\/p><\/td><td width=\"343\"><p align=\"center\"><span style=\"font-family: Calibri, serif; color: #000000;\"><span style=\"font-size: medium;\">DIRETOR ADMINISTRATIVO<\/span><\/span><\/p><\/td><\/tr><tr valign=\"top\"><td width=\"300\"><p align=\"left\"><span style=\"font-family: Calibri, serif; color: #000000;\"><span style=\"font-size: medium;\">SELMA VIANA DE OLIVEIRA<\/span><\/span><\/p><\/td><td width=\"242\"><p align=\"center\"><span style=\"font-family: Calibri, serif; color: #000000;\"><span style=\"font-size: medium;\"><b>02\/01\/2021<\/b><\/span><\/span><\/p><\/td><td width=\"343\"><p align=\"center\"><span style=\"font-family: Calibri, serif; color: #000000;\"><span style=\"font-size: medium;\">CONTROLADORA INTERNA<\/span><\/span><\/p><\/td><\/tr><tr valign=\"top\"><td width=\"300\"><p align=\"left\"><span style=\"font-family: Calibri, serif; color: #000000;\"><span style=\"font-size: medium;\">EDUARDO PANTOJA LIMA<\/span><\/span><\/p><\/td><td width=\"242\"><p align=\"center\"><span style=\"font-family: Calibri, serif; color: #000000;\"><span style=\"font-size: medium;\"><b>01\/02\/2021<\/b><\/span><\/span><\/p><\/td><td width=\"343\"><p align=\"center\"><span style=\"font-family: Calibri, serif; color: #000000;\"><span style=\"font-size: medium;\">ASSISTENTE PARLAMENTAR<\/span><\/span><\/p><\/td><\/tr><tr valign=\"top\"><td width=\"300\"><p align=\"left\"><span style=\"font-family: Calibri, serif; color: #000000;\"><span style=\"font-size: medium;\">GELSON PEREIRA DA SILVA FILHO<\/span><\/span><\/p><\/td><td width=\"242\"><p align=\"center\"><span style=\"font-family: Calibri, serif; color: #000000;\"><span style=\"font-size: medium;\"><b>01\/02\/2021<\/b><\/span><\/span><\/p><\/td><td width=\"343\"><p align=\"center\"><span style=\"font-family: Calibri, serif; color: #000000;\"><span style=\"font-size: medium;\">REP. DA C\u00c2MARA NA CAPITAL DO ESTADO<\/span><\/span><\/p><\/td><\/tr><tr valign=\"top\"><td width=\"300\"><p align=\"left\"><span style=\"font-family: Calibri, serif; color: #000000;\"><span style=\"font-size: medium;\">IRONILSON MONTEIRO PINTO<\/span><\/span><\/p><\/td><td width=\"242\"><p align=\"center\"><span style=\"font-family: Calibri, serif; color: #000000;\"><span style=\"font-size: medium;\"><b>04\/04\/2023<\/b><\/span><\/span><\/p><\/td><td width=\"343\"><p align=\"center\"><span style=\"font-family: Calibri, serif; color: #000000;\"><span style=\"font-size: medium;\">ASSISTENTE PARLAMENTAR<\/span><\/span><\/p><\/td><\/tr><tr valign=\"top\"><td width=\"300\"><p align=\"left\"><span style=\"font-family: Calibri, serif; color: #000000;\"><span style=\"font-size: medium;\">CARLOS ALBERTO MARQUES DE OLIVEIRA<\/span><\/span><\/p><\/td><td width=\"242\"><p align=\"center\"><span style=\"font-family: Calibri, serif; color: #000000;\"><span style=\"font-size: medium;\"><b>04\/05\/2021<\/b><\/span><\/span><\/p><\/td><td width=\"343\"><p align=\"center\"><span style=\"font-family: Calibri, serif; color: #000000;\"><span style=\"font-size: medium;\">ASSISTENTE PARLAMENTAR<\/span><\/span><\/p><\/td><\/tr><tr valign=\"top\"><td width=\"300\"><p align=\"left\"><span style=\"font-family: Calibri, serif; color: #000000;\"><span style=\"font-size: medium;\">ADRIANE LARUSHA DE OLIVEIRA ALVES<\/span><\/span><\/p><\/td><td width=\"242\"><p align=\"center\"><span style=\"font-family: Calibri, serif; color: #000000;\"><span style=\"font-size: medium;\"><b>05\/01\/2024<\/b><\/span><\/span><\/p><\/td><td width=\"343\"><p align=\"center\"><span style=\"font-family: Calibri, serif; color: #000000;\"><span style=\"font-size: medium;\">ASSESSORA DA MESA DIRETORA<\/span><\/span><\/p><\/td><\/tr><tr valign=\"top\"><td width=\"300\"><p align=\"left\"><span style=\"font-family: Calibri, serif; color: #000000;\"><span style=\"font-size: medium;\">NELIANE ANDRADE MATHIAS<\/span><\/span><\/p><\/td><td width=\"242\"><p align=\"center\"><span style=\"font-family: Calibri, serif; color: #000000;\"><span style=\"font-size: medium;\"><b>01\/08\/2024<\/b><\/span><\/span><\/p><\/td><td width=\"343\"><p align=\"center\"><span style=\"font-family: Calibri, serif; color: #000000;\"><span style=\"font-size: medium;\">ASSISTENTE PARLAMENTAR<\/span><\/span><\/p><\/td><\/tr><tr valign=\"top\"><td width=\"300\"><p align=\"left\"><span style=\"font-family: Calibri, serif; color: #000000;\"><span style=\"font-size: medium;\">GENESES SERRAO RIBEIRO<\/span><\/span><\/p><\/td><td width=\"242\"><p align=\"center\"><span style=\"font-family: Calibri, serif; color: #000000;\"><span style=\"font-size: medium;\"><b>04\/09\/2024<\/b><\/span><\/span><\/p><\/td><td width=\"343\"><p align=\"center\"><span style=\"font-family: Calibri, serif; color: #000000;\"><span style=\"font-size: medium;\">DIRETOR DE CERIMONIAL E EVENTOS<\/span><\/span><\/p><\/td><\/tr><tr valign=\"top\"><td width=\"300\"><p align=\"left\"><span style=\"font-family: Calibri, serif; color: #000000;\"><span style=\"font-size: medium;\"><b>TOTAL: 11<\/b><\/span><\/span><\/p><\/td><td width=\"242\">\u00a0<\/td><td width=\"343\">\u00a0<\/td><\/tr><tr valign=\"top\"><td bgcolor=\"#d9d9d9\" width=\"300\"><p align=\"left\"><span style=\"font-family: Calibri, serif; color: #000000;\"><span style=\"font-size: medium;\"><i><b>VEREADORES \u2013 AGENTE POLITICOS<\/b><\/i><\/span><\/span><\/p><\/td><td bgcolor=\"#d9d9d9\" width=\"242\">\u00a0<\/td><td bgcolor=\"#d9d9d9\" width=\"343\">\u00a0<\/td><\/tr><tr valign=\"top\"><td width=\"300\"><p align=\"left\"><span style=\"font-family: Calibri, serif; color: #000000;\"><span style=\"font-size: medium;\">ANTONIO LAURENTINO DA SILVA<\/span><\/span><\/p><\/td><td width=\"242\"><p align=\"center\"><span style=\"font-family: Calibri, serif; color: #000000;\"><span style=\"font-size: medium;\"><b>01\/01\/2013<\/b><\/span><\/span><\/p><\/td><td width=\"343\"><p align=\"center\"><span style=\"font-family: Calibri, serif; color: #000000;\"><span style=\"font-size: medium;\">VEREADOR<\/span><\/span><\/p><\/td><\/tr><tr valign=\"top\"><td width=\"300\"><p align=\"left\"><span style=\"font-family: Calibri, serif; color: #000000;\"><span style=\"font-size: medium;\">MARIA JACI LEAL COSTA PAES<\/span><\/span><\/p><\/td><td width=\"242\"><p align=\"center\"><span style=\"font-family: Calibri, serif; color: #000000;\"><span style=\"font-size: medium;\"><b>01\/01\/2017<\/b><\/span><\/span><\/p><\/td><td width=\"343\"><p align=\"center\"><span style=\"font-family: Calibri, serif; color: #000000;\"><span style=\"font-size: medium;\">VEREADOR<\/span><\/span><\/p><\/td><\/tr><tr valign=\"top\"><td width=\"300\"><p align=\"left\"><span style=\"font-family: Calibri, serif; color: #000000;\"><span style=\"font-size: medium;\">ZENITH MARQUES RAMOS FILHO<\/span><\/span><\/p><\/td><td width=\"242\"><p align=\"center\"><span style=\"font-family: Calibri, serif; color: #000000;\"><span style=\"font-size: medium;\"><b>01\/01\/2017<\/b><\/span><\/span><\/p><\/td><td width=\"343\"><p align=\"center\"><span style=\"font-family: Calibri, serif; color: #000000;\"><span style=\"font-size: medium;\">VEREADOR<\/span><\/span><\/p><\/td><\/tr><tr valign=\"top\"><td width=\"300\"><p align=\"left\"><span style=\"font-family: Calibri, serif; color: #000000;\"><span style=\"font-size: medium;\">FABIO WILLIAM MENEZES<\/span><\/span><\/p><\/td><td width=\"242\"><p align=\"center\"><span style=\"font-family: Calibri, serif; color: #000000;\"><span style=\"font-size: medium;\"><b>01\/01\/2021<\/b><\/span><\/span><\/p><\/td><td width=\"343\"><p align=\"center\"><span style=\"font-family: Calibri, serif; color: #000000;\"><span style=\"font-size: medium;\">VEREADOR<\/span><\/span><\/p><\/td><\/tr><tr valign=\"top\"><td width=\"300\"><p align=\"left\"><span style=\"font-family: Calibri, serif; color: #000000;\"><span style=\"font-size: medium;\">DJALVANE COSTA DA SILVA<\/span><\/span><\/p><\/td><td width=\"242\"><p align=\"center\"><span style=\"font-family: Calibri, serif; color: #000000;\"><span style=\"font-size: medium;\"><b>01\/01\/2021<\/b><\/span><\/span><\/p><\/td><td width=\"343\"><p align=\"center\"><span style=\"font-family: Calibri, serif; color: #000000;\"><span style=\"font-size: medium;\">VEREADOR<\/span><\/span><\/p><\/td><\/tr><tr valign=\"top\"><td width=\"300\"><p align=\"left\"><span style=\"font-family: Calibri, serif; color: #000000;\"><span style=\"font-size: medium;\">AURIMAR TER\u00c7O OLIVEIRA<\/span><\/span><\/p><\/td><td width=\"242\"><p align=\"center\"><span style=\"font-family: Calibri, serif; color: #000000;\"><span style=\"font-size: medium;\"><b>01\/01\/2021<\/b><\/span><\/span><\/p><\/td><td width=\"343\"><p align=\"center\"><span style=\"font-family: Calibri, serif; color: #000000;\"><span style=\"font-size: medium;\">VEREADOR<\/span><\/span><\/p><\/td><\/tr><tr valign=\"top\"><td width=\"300\"><p align=\"left\"><span style=\"font-family: Calibri, serif; color: #000000;\"><span style=\"font-size: medium;\">WALLACE DE CASTRO GUIMAR\u00c3ES<\/span><\/span><\/p><\/td><td width=\"242\"><p align=\"center\"><span style=\"font-family: Calibri, serif; color: #000000;\"><span style=\"font-size: medium;\"><b>01\/01\/2021<\/b><\/span><\/span><\/p><\/td><td width=\"343\"><p align=\"center\"><span style=\"font-family: Calibri, serif; color: #000000;\"><span style=\"font-size: medium;\">VEREADOR<\/span><\/span><\/p><\/td><\/tr><tr valign=\"top\"><td width=\"300\"><p align=\"left\"><span style=\"font-family: Calibri, serif; color: #000000;\"><span style=\"font-size: medium;\">AVELINO PAIVA DA CRUZ NETO<\/span><\/span><\/p><\/td><td width=\"242\"><p align=\"center\"><span style=\"font-family: Calibri, serif; color: #000000;\"><span style=\"font-size: medium;\"><b>01\/01\/2021<\/b><\/span><\/span><\/p><\/td><td width=\"343\"><p align=\"center\"><span style=\"font-family: Calibri, serif; color: #000000;\"><span style=\"font-size: medium;\">VEREADOR<\/span><\/span><\/p><\/td><\/tr><tr valign=\"top\"><td width=\"300\"><p align=\"left\"><span style=\"font-family: Calibri, serif; color: #000000;\"><span style=\"font-size: medium;\">MIQUEIAS PRESTES DE SOUZA<\/span><\/span><\/p><\/td><td width=\"242\"><p align=\"center\"><span style=\"font-family: Calibri, serif; color: #000000;\"><span style=\"font-size: medium;\"><b>01\/01\/2025<\/b><\/span><\/span><\/p><\/td><td width=\"343\"><p align=\"center\"><span style=\"font-family: Calibri, serif; color: #000000;\"><span style=\"font-size: medium;\">VEREADOR<\/span><\/span><\/p><\/td><\/tr><tr valign=\"top\"><td width=\"300\"><p align=\"left\"><span style=\"font-family: Calibri, serif; color: #000000;\"><span style=\"font-size: medium;\">REINALDO AZEVEDO DE SOUZA<\/span><\/span><\/p><\/td><td width=\"242\"><p align=\"center\"><span style=\"font-family: Calibri, serif; color: #000000;\"><span style=\"font-size: medium;\"><b>01\/01\/2025<\/b><\/span><\/span><\/p><\/td><td width=\"343\"><p align=\"center\"><span style=\"font-family: Calibri, serif; color: #000000;\"><span style=\"font-size: medium;\">VEREADOR<\/span><\/span><\/p><\/td><\/tr><tr valign=\"top\"><td width=\"300\"><p align=\"left\"><span style=\"font-family: Calibri, serif; color: #000000;\"><span style=\"font-size: medium;\">MARCIO ANDR\u00c9 DE SAMPAIO ROCHA<\/span><\/span><\/p><\/td><td width=\"242\"><p align=\"center\"><span style=\"font-family: Calibri, serif; color: #000000;\"><span style=\"font-size: medium;\"><b>01\/01\/2025<\/b><\/span><\/span><\/p><\/td><td width=\"343\"><p align=\"center\"><span style=\"font-family: Calibri, serif; color: #000000;\"><span style=\"font-size: medium;\">VEREADOR<\/span><\/span><\/p><\/td><\/tr><tr valign=\"top\"><td bgcolor=\"#d9d9d9\" width=\"300\"><p align=\"left\"><span style=\"font-family: Calibri, serif; color: #000000;\"><span style=\"font-size: medium;\"><b>TOTAL: 11<\/b><\/span><\/span><\/p><\/td><td bgcolor=\"#d9d9d9\" width=\"242\">\u00a0<\/td><td bgcolor=\"#d9d9d9\" width=\"343\">\u00a0<\/td><\/tr><\/tbody><\/table><p><br \/><br \/><\/p><p><br \/><br \/><\/p><\/div>\n\t\t\t\t\t\t\t\t\t<div class=\"elementor-tab-title elementor-tab-mobile-title\" aria-selected=\"false\" data-tab=\"2\" role=\"tab\" tabindex=\"-1\" aria-controls=\"elementor-tab-content-1172\" aria-expanded=\"false\">Vereadores<\/div>\n\t\t\t\t\t<div id=\"elementor-tab-content-1172\" class=\"elementor-tab-content elementor-clearfix\" data-tab=\"2\" role=\"tabpanel\" aria-labelledby=\"elementor-tab-title-1172\" tabindex=\"0\" hidden=\"hidden\"><p align=\"center\"><span style=\"color: #000000;\"><span style=\"font-size: large;\">Estado do Amazonas <\/span><\/span><\/p><p align=\"center\"><span style=\"color: #000000;\"><span style=\"font-family: Arial Black, serif;\"><span style=\"font-size: large;\">C\u00e2mara Municipal de Urucar\u00e1<\/span><\/span><\/span><\/p><p style=\"text-align: center;\"><span style=\"color: #000000;\"><a style=\"color: #000000;\" name=\"_GoBack\"><\/a><span style=\"font-family: Cambria, serif;\"><b>DADOS DOS VEREADORES &#8211; 2025<\/b><\/span><\/span><\/p><center><table width=\"1254\" cellspacing=\"0\" cellpadding=\"9\"><tbody><tr valign=\"top\"><td bgcolor=\"#d9d9d9\" width=\"49\" height=\"8\"><p align=\"center\"><span style=\"font-family: Calibri, serif; color: #000000;\"><span style=\"font-size: small;\"><b>N\u00b0 ORD<\/b><\/span><\/span><\/p><\/td><td bgcolor=\"#d9d9d9\" width=\"208\"><p align=\"center\"><span style=\"font-family: Cambria, serif; color: #000000;\"><span style=\"font-size: small;\"><b>CARGO<\/b><\/span><\/span><\/p><\/td><td bgcolor=\"#d9d9d9\" width=\"221\"><p align=\"center\"><span style=\"font-family: Cambria, serif; color: #000000;\"><span style=\"font-size: small;\"><b>NOME DO VEREADOR(A)<\/b><\/span><\/span><\/p><\/td><td bgcolor=\"#d9d9d9\" width=\"143\"><p align=\"center\"><span style=\"font-family: Cambria, serif; color: #000000;\"><span style=\"font-size: small;\"><b>CONTATO<\/b><\/span><\/span><\/p><\/td><td bgcolor=\"#d9d9d9\" width=\"209\"><p align=\"center\"><span style=\"font-family: Cambria, serif; color: #000000;\"><span style=\"font-size: small;\"><b>FILIA\u00c7\u00c3O<\/b><\/span><\/span><\/p><\/td><td bgcolor=\"#d9d9d9\" width=\"315\"><p align=\"center\"><span style=\"font-family: Cambria, serif; color: #000000;\"><span style=\"font-size: small;\"><b>E-MAIL<\/b><\/span><\/span><\/p><\/td><\/tr><tr valign=\"top\"><td width=\"49\" height=\"12\"><p align=\"center\"><span style=\"font-size: small; color: #000000;\"><span style=\"font-family: Cambria, serif;\">01<\/span><\/span><\/p><\/td><td width=\"208\"><p align=\"center\"><span style=\"font-size: small; color: #000000;\"><span style=\"font-family: Cambria, serif;\">Presidente<\/span><\/span><\/p><\/td><td width=\"221\"><p align=\"center\"><span style=\"font-size: small; color: #000000;\"><span style=\"font-family: Cambria, serif;\">Antonio Laurentino da Silva<\/span><\/span><\/p><\/td><td width=\"143\"><p align=\"center\"><span style=\"font-family: Cambria, serif; color: #000000;\"><span style=\"font-size: small;\">(92)99129-1524<\/span><\/span><\/p><\/td><td width=\"209\"><p align=\"center\"><span style=\"font-size: small; color: #000000;\"><span style=\"font-family: Cambria, serif;\">UNI\u00c3O BRASIL<\/span><\/span><\/p><\/td><td width=\"315\"><p align=\"center\"><span style=\"font-size: small; color: #000000;\"><span style=\"font-family: Cambria, serif;\">tonymec2009@hotmail.com<\/span><\/span><\/p><\/td><\/tr><tr valign=\"top\"><td width=\"49\" height=\"12\"><p align=\"center\"><span style=\"font-size: small; color: #000000;\"><span style=\"font-family: Cambria, serif;\">02<\/span><\/span><\/p><\/td><td width=\"208\"><p align=\"center\"><span style=\"font-size: small; color: #000000;\"><span style=\"font-family: Cambria, serif;\">1\u00b0 Vice Presidente<\/span><\/span><\/p><\/td><td width=\"221\"><p align=\"center\"><span style=\"font-size: small; color: #000000;\"><span style=\"font-family: Cambria, serif;\">Aurimar Ter\u00e7o Oliveira<\/span><\/span><\/p><\/td><td width=\"143\"><p align=\"center\"><span style=\"font-family: Cambria, serif; color: #000000;\"><span style=\"font-size: small;\">(92)99154-5093<\/span><\/span><\/p><\/td><td width=\"209\"><p align=\"center\"><span style=\"font-size: small; color: #000000;\"><span style=\"font-family: Cambria, serif;\">UNI\u00c3O BRASIL<\/span><\/span><\/p><\/td><td width=\"315\"><p align=\"center\"><span style=\"font-size: small; color: #000000;\"><span style=\"font-family: Cambria, serif;\">Aurimarterco@gmail.com<\/span><\/span><\/p><\/td><\/tr><tr valign=\"top\"><td width=\"49\" height=\"12\"><p align=\"center\"><span style=\"font-size: small; color: #000000;\"><span style=\"font-family: Cambria, serif;\">03<\/span><\/span><\/p><\/td><td width=\"208\"><p align=\"center\"><span style=\"font-size: small; color: #000000;\"><span style=\"font-family: Cambria, serif;\">2\u00b0 Vice Presidente<\/span><\/span><\/p><\/td><td width=\"221\"><p align=\"center\"><span style=\"font-size: small; color: #000000;\"><span style=\"font-family: Cambria, serif;\">Miqueias Prestes de Souza<\/span><\/span><\/p><\/td><td width=\"143\"><p align=\"center\"><span style=\"font-family: Cambria, serif; color: #000000;\"><span style=\"font-size: small;\">(92)991176854<\/span><\/span><\/p><\/td><td width=\"209\"><p align=\"center\"><span style=\"font-size: small; color: #000000;\"><span style=\"font-family: Cambria, serif;\">PSD<\/span><\/span><\/p><\/td><td width=\"315\"><p align=\"center\"><span style=\"font-size: small; color: #000000;\"><span style=\"font-family: Cambria, serif;\">miqueiasprestes2020@gmail.com<\/span><\/span><\/p><\/td><\/tr><tr valign=\"top\"><td width=\"49\" height=\"12\"><p align=\"center\"><span style=\"font-size: small; color: #000000;\"><span style=\"font-family: Cambria, serif;\">04<\/span><\/span><\/p><\/td><td width=\"208\"><p align=\"center\"><span style=\"font-size: small; color: #000000;\"><span style=\"font-family: Cambria, serif;\">1\u00b0 Secret\u00e1rio<\/span><\/span><\/p><\/td><td width=\"221\"><p align=\"center\"><span style=\"font-size: small; color: #000000;\"><span style=\"font-family: Cambria, serif;\">Maria Jaci Leal Costa Paes<\/span><\/span><\/p><\/td><td width=\"143\"><p align=\"center\"><span style=\"font-family: Cambria, serif; color: #000000;\"><span style=\"font-size: small;\">(92)995368575<\/span><\/span><\/p><\/td><td width=\"209\"><p align=\"center\"><span style=\"font-size: small; color: #000000;\"><span style=\"font-family: Cambria, serif;\">UNI\u00c3O BRASIL<\/span><\/span><\/p><\/td><td width=\"315\">\u00a0<\/td><\/tr><tr valign=\"top\"><td width=\"49\" height=\"12\"><p align=\"center\"><span style=\"font-size: small; color: #000000;\"><span style=\"font-family: Cambria, serif;\">05<\/span><\/span><\/p><\/td><td width=\"208\"><p align=\"center\"><span style=\"font-size: small; color: #000000;\"><span style=\"font-family: Cambria, serif;\">2\u00b0 Secret\u00e1rio<\/span><\/span><\/p><\/td><td width=\"221\"><p align=\"center\"><span style=\"font-size: small; color: #000000;\"><span style=\"font-family: Cambria, serif;\">Avelino Paiva da Cruz Neto<\/span><\/span><\/p><\/td><td width=\"143\"><p align=\"center\"><span style=\"font-family: Cambria, serif; color: #000000;\"><span style=\"font-size: small;\">(92)992587596<\/span><\/span><\/p><\/td><td width=\"209\"><p align=\"center\"><span style=\"font-size: small; color: #000000;\"><span style=\"font-family: Cambria, serif;\">UNI\u00c3O BRASIL<\/span><\/span><\/p><\/td><td width=\"315\"><p align=\"center\"><span style=\"font-size: small; color: #000000;\"><span style=\"font-family: Cambria, serif;\">avelinosneto@hotmail.com<\/span><\/span><\/p><\/td><\/tr><tr valign=\"top\"><td width=\"49\" height=\"12\"><p align=\"center\"><span style=\"font-size: small; color: #000000;\"><span style=\"font-family: Cambria, serif;\">06<\/span><\/span><\/p><\/td><td width=\"208\"><p align=\"center\"><span style=\"font-size: small; color: #000000;\"><span style=\"font-family: Cambria, serif;\">Ouvidor\/Corregedor<\/span><\/span><\/p><\/td><td width=\"221\"><p align=\"center\"><span style=\"font-size: small; color: #000000;\"><span style=\"font-family: Cambria, serif;\">F\u00e1bio William Menezes<\/span><\/span><\/p><\/td><td width=\"143\"><p align=\"center\"><span style=\"font-family: Cambria, serif; color: #000000;\"><span style=\"font-size: small;\">(92)99515-7607<\/span><\/span><\/p><\/td><td width=\"209\"><p align=\"center\"><span style=\"font-size: small; color: #000000;\"><span style=\"font-family: Cambria, serif;\">UNI\u00c3O BRASIL<\/span><\/span><\/p><\/td><td width=\"315\"><p align=\"center\"><span style=\"font-size: small; color: #000000;\"><span style=\"font-family: Cambria, serif;\">fabiomenezes.am77@gmail.com<\/span><\/span><\/p><\/td><\/tr><tr valign=\"top\"><td width=\"49\" height=\"12\"><p align=\"center\"><span style=\"font-size: small; color: #000000;\"><span style=\"font-family: Cambria, serif;\">07<\/span><\/span><\/p><\/td><td width=\"208\"><p align=\"center\"><span style=\"font-size: small; color: #000000;\"><span style=\"font-family: Cambria, serif;\">Vereador<\/span><\/span><\/p><\/td><td width=\"221\"><p align=\"center\"><span style=\"font-size: small; color: #000000;\"><span style=\"font-family: Cambria, serif;\">Djavalne Costa da Silva<\/span><\/span><\/p><\/td><td width=\"143\"><p align=\"center\"><span style=\"font-family: Cambria, serif; color: #000000;\"><span style=\"font-size: small;\">(92)991904637<\/span><\/span><\/p><\/td><td width=\"209\"><p align=\"center\"><span style=\"font-size: small; color: #000000;\"><span style=\"font-family: Cambria, serif;\">UNI\u00c3O BRASIL<\/span><\/span><\/p><\/td><td width=\"315\"><p align=\"center\"><span style=\"font-size: small; color: #000000;\"><span style=\"font-family: Cambria, serif;\">geovane_d21@hotmail.com<\/span><\/span><\/p><\/td><\/tr><tr valign=\"top\"><td width=\"49\" height=\"12\"><p align=\"center\"><span style=\"font-size: small; color: #000000;\"><span style=\"font-family: Cambria, serif;\">08<\/span><\/span><\/p><\/td><td width=\"208\"><p align=\"center\"><span style=\"font-size: small; color: #000000;\"><span style=\"font-family: Cambria, serif;\">Vereador<\/span><\/span><\/p><\/td><td width=\"221\"><p align=\"center\"><span style=\"font-size: small; color: #000000;\"><span style=\"font-family: Cambria, serif;\">Reinaldo Azevedo de Souza<\/span><\/span><\/p><\/td><td width=\"143\"><p align=\"center\"><span style=\"font-family: Cambria, serif; color: #000000;\"><span style=\"font-size: small;\">(92)992228540<\/span><\/span><\/p><\/td><td width=\"209\"><p align=\"center\"><span style=\"font-size: small; color: #000000;\"><span style=\"font-family: Cambria, serif;\">UNI\u00c3O BRASIL<\/span><\/span><\/p><\/td><td width=\"315\"><p align=\"center\"><span style=\"font-size: small; color: #000000;\"><span style=\"font-family: Cambria, serif;\">Engenharia.pmu@gmail.com<\/span><\/span><\/p><\/td><\/tr><tr valign=\"top\"><td width=\"49\" height=\"12\"><p align=\"center\"><span style=\"font-size: small; color: #000000;\"><span style=\"font-family: Cambria, serif;\">09<\/span><\/span><\/p><\/td><td width=\"208\"><p align=\"center\"><span style=\"font-size: small; color: #000000;\"><span style=\"font-family: Cambria, serif;\">Vereador<\/span><\/span><\/p><\/td><td width=\"221\"><p align=\"center\"><span style=\"font-size: small; color: #000000;\"><span style=\"font-family: Cambria, serif;\">Zenith Ramos Marques Filho<\/span><\/span><\/p><\/td><td width=\"143\"><p align=\"center\"><span style=\"font-family: Cambria, serif; color: #000000;\"><span style=\"font-size: small;\">(92)991165819<\/span><\/span><\/p><\/td><td width=\"209\"><p align=\"center\"><span style=\"font-size: small; color: #000000;\"><span style=\"font-family: Cambria, serif;\">UNI\u00c3O BRASIL<\/span><\/span><\/p><\/td><td width=\"315\"><p align=\"center\"><span style=\"font-size: small; color: #000000;\"><span style=\"font-family: Cambria, serif;\">ramosneto10@hotmail.com<\/span><\/span><\/p><\/td><\/tr><tr valign=\"top\"><td width=\"49\" height=\"10\"><p align=\"center\"><span style=\"font-size: small; color: #000000;\"><span style=\"font-family: Cambria, serif;\">10<\/span><\/span><\/p><\/td><td width=\"208\"><p align=\"center\"><span style=\"font-size: small; color: #000000;\"><span style=\"font-family: Cambria, serif;\">Vereador<\/span><\/span><\/p><\/td><td width=\"221\"><p align=\"center\"><span style=\"font-size: small; color: #000000;\"><span style=\"font-family: Cambria, serif;\">Wallace de Castro Guimar\u00e3es Junior<\/span><\/span><\/p><\/td><td width=\"143\"><p align=\"center\"><span style=\"font-family: Cambria, serif; color: #000000;\"><span style=\"font-size: small;\">(92)992961590<\/span><\/span><\/p><\/td><td width=\"209\"><p align=\"center\"><span style=\"font-size: small; color: #000000;\"><span style=\"font-family: Cambria, serif;\">PRD<\/span><\/span><\/p><\/td><td width=\"315\"><p align=\"center\"><span style=\"font-size: small; color: #000000;\"><span style=\"font-family: Cambria, serif;\">wallacejuniorguimaraes@gmail.com<\/span><\/span><\/p><\/td><\/tr><tr valign=\"top\"><td width=\"49\" height=\"11\"><p align=\"center\"><span style=\"font-size: small; color: #000000;\"><span style=\"font-family: Cambria, serif;\">11<\/span><\/span><\/p><\/td><td width=\"208\"><p align=\"center\"><span style=\"font-size: small; color: #000000;\"><span style=\"font-family: Cambria, serif;\">Vereador<\/span><\/span><\/p><\/td><td width=\"221\"><p align=\"center\"><span style=\"font-size: small; color: #000000;\"><span style=\"font-family: Cambria, serif;\">Marcio Andr\u00e9 de Sampaio Rocha<\/span><\/span><\/p><\/td><td width=\"143\"><p align=\"center\"><span style=\"font-family: Cambria, serif; color: #000000;\"><span style=\"font-size: small;\">(92)993129161<\/span><\/span><\/p><\/td><td width=\"209\"><p style=\"text-align: center;\" align=\"left\"><span style=\"font-size: small; color: #000000;\"><span style=\"font-family: Cambria, serif;\">PDT<\/span><\/span><\/p><\/td><td width=\"315\"><p align=\"center\"><span style=\"font-size: small; color: #000000;\"><span style=\"font-family: Cambria, serif;\">rocha109@hotmail.com<\/span><\/span><\/p><\/td><\/tr><\/tbody><\/table><\/center><p align=\"center\"><br \/><br \/><\/p><\/div>\n\t\t\t\t\t\t\t\t\t<div class=\"elementor-tab-title elementor-tab-mobile-title\" aria-selected=\"false\" data-tab=\"3\" role=\"tab\" tabindex=\"-1\" aria-controls=\"elementor-tab-content-1173\" aria-expanded=\"false\">Mesa Diretora<\/div>\n\t\t\t\t\t<div id=\"elementor-tab-content-1173\" class=\"elementor-tab-content elementor-clearfix\" data-tab=\"3\" role=\"tabpanel\" aria-labelledby=\"elementor-tab-title-1173\" tabindex=\"0\" hidden=\"hidden\"><p align=\"center\"><br \/><br \/><\/p><p align=\"center\"><span style=\"font-family: Cambria, serif; color: #000000;\"><span style=\"font-size: small;\"><b>MESA DIRETORA DA C\u00c2MARA MUNICIPAL DE URUCAR\u00c1 <\/b><\/span><\/span><\/p><p align=\"center\"><span style=\"font-family: Cambria, serif; color: #000000;\"><span style=\"font-size: small;\"><b>BI\u00caNIO 2025-2026<\/b><\/span><\/span><\/p><center><table width=\"848\" cellspacing=\"0\" cellpadding=\"9\"><tbody><tr><td colspan=\"3\" valign=\"top\" width=\"828\" height=\"16\"><p align=\"center\"><span style=\"font-family: Calibri, serif; color: #000000;\"><span style=\"font-size: small;\"><i><b>COMPOSI\u00c7\u00c3O<\/b><\/i><\/span><\/span><\/p><\/td><\/tr><tr valign=\"top\"><td width=\"279\" height=\"17\"><p align=\"center\"><span style=\"font-family: Calibri, serif; color: #000000;\"><span style=\"font-size: small;\"><i><b>CARGO<\/b><\/i><\/span><\/span><\/p><\/td><td width=\"366\"><p align=\"center\"><span style=\"font-family: Calibri, serif; color: #000000;\"><span style=\"font-size: small;\"><i><b>NOME DO VEREADOR<\/b><\/i><\/span><\/span><\/p><\/td><td width=\"146\"><p align=\"center\"><span style=\"font-family: Calibri, serif; color: #000000;\"><span style=\"font-size: small;\"><i><b>PARTIDO<\/b><\/i><\/span><\/span><\/p><\/td><\/tr><tr valign=\"top\"><td width=\"279\" height=\"17\"><p align=\"left\"><span style=\"font-family: Calibri, serif; color: #000000;\"><span style=\"font-size: small;\">Presidente<\/span><\/span><\/p><\/td><td width=\"366\"><p align=\"left\"><span style=\"font-family: Calibri, serif; color: #000000;\"><span style=\"font-size: small;\">Antonio Laurentino da Silva<\/span><\/span><\/p><\/td><td width=\"146\"><p align=\"left\"><span style=\"font-family: Calibri, serif; color: #000000;\"><span style=\"font-size: small;\">UNI\u00c3O BRASIL<\/span><\/span><\/p><\/td><\/tr><tr valign=\"top\"><td width=\"279\" height=\"17\"><p align=\"left\"><span style=\"font-family: Calibri, serif; color: #000000;\"><span style=\"font-size: small;\">1\u00ba Vice Presidente<\/span><\/span><\/p><\/td><td width=\"366\"><p align=\"left\"><span style=\"font-family: Calibri, serif; color: #000000;\"><span style=\"font-size: small;\">Aurimar Ter\u00e7o Oliveira<\/span><\/span><\/p><\/td><td width=\"146\"><p align=\"left\"><span style=\"font-family: Calibri, serif; color: #000000;\"><span style=\"font-size: small;\">UNI\u00c3O BRASIL<\/span><\/span><\/p><\/td><\/tr><tr valign=\"top\"><td width=\"279\" height=\"17\"><p align=\"left\"><span style=\"font-family: Calibri, serif; color: #000000;\"><span style=\"font-size: small;\">2\u00ba Vice Presidente<\/span><\/span><\/p><\/td><td width=\"366\"><p align=\"left\"><span style=\"font-family: Calibri, serif; color: #000000;\"><span style=\"font-size: small;\">Miqueias Prestes de Souza<\/span><\/span><\/p><\/td><td width=\"146\"><p align=\"left\"><span style=\"font-family: Calibri, serif; color: #000000;\"><span style=\"font-size: small;\">PSD<\/span><\/span><\/p><\/td><\/tr><tr valign=\"top\"><td width=\"279\" height=\"17\"><p align=\"left\"><span style=\"font-family: Calibri, serif; color: #000000;\"><span style=\"font-size: small;\">1\u00ba Secret\u00e1rio<\/span><\/span><\/p><\/td><td width=\"366\"><p align=\"left\"><span style=\"font-family: Calibri, serif; color: #000000;\"><span style=\"font-size: small;\">Maria Jaci Leal Costa Pes<\/span><\/span><\/p><\/td><td width=\"146\"><p align=\"left\"><span style=\"font-family: Calibri, serif; color: #000000;\"><span style=\"font-size: small;\">UNI\u00c3O BRASIL<\/span><\/span><\/p><\/td><\/tr><tr valign=\"top\"><td width=\"279\" height=\"17\"><p align=\"left\"><span style=\"font-family: Calibri, serif; color: #000000;\"><span style=\"font-size: small;\">2\u00ba Secret\u00e1rio<\/span><\/span><\/p><\/td><td width=\"366\"><p align=\"left\"><span style=\"font-family: Calibri, serif; color: #000000;\"><span style=\"font-size: small;\">Avelino Paiva da Cruz Neto<\/span><\/span><\/p><\/td><td width=\"146\"><p align=\"left\"><span style=\"font-family: Calibri, serif; color: #000000;\"><span style=\"font-size: small;\">UNI\u00c3O BRASIL<\/span><\/span><\/p><\/td><\/tr><tr valign=\"top\"><td width=\"279\" height=\"16\"><p align=\"left\"><span style=\"font-family: Calibri, serif; color: #000000;\"><span style=\"font-size: small;\">Ouvidor\/corregedor<\/span><\/span><\/p><\/td><td width=\"366\"><p align=\"left\"><span style=\"font-family: Calibri, serif; color: #000000;\"><span style=\"font-size: small;\">F\u00e1bio William Menezes<\/span><\/span><\/p><\/td><td width=\"146\"><p align=\"left\"><span style=\"color: #000000;\"><a style=\"color: #000000;\" name=\"_GoBack\"><\/a> <span style=\"font-family: Calibri, serif;\"><span style=\"font-size: small;\">UNI\u00c3O BRASIL<\/span><\/span><\/span><\/p><\/td><\/tr><\/tbody><\/table><\/center><p align=\"center\"><br \/><br \/><\/p><p align=\"center\"><br \/><br \/><\/p><\/div>\n\t\t\t\t\t\t\t\t\t<div class=\"elementor-tab-title elementor-tab-mobile-title\" aria-selected=\"false\" data-tab=\"4\" role=\"tab\" tabindex=\"-1\" aria-controls=\"elementor-tab-content-1174\" aria-expanded=\"false\">Departamentos<\/div>\n\t\t\t\t\t<div id=\"elementor-tab-content-1174\" class=\"elementor-tab-content elementor-clearfix\" data-tab=\"4\" role=\"tabpanel\" aria-labelledby=\"elementor-tab-title-1174\" tabindex=\"0\" hidden=\"hidden\"><p style=\"text-align: center;\"><b style=\"color: #000000; font-size: medium; background-color: var(--global--color-background); font-family: var(--global--font-secondary);\">Rela\u00e7\u00e3o dos Servidores respons\u00e1veis por departamento da C\u00e2mara Municipal de Urucar\u00e1<\/b><\/p><table width=\"992\" cellspacing=\"0\" cellpadding=\"9\"><tbody><tr valign=\"top\"><td width=\"40\"><p align=\"left\"><span style=\"font-family: Calibri, serif; color: #000000;\"><span style=\"font-size: medium;\"><b>N\u00ba ORD<\/b><\/span><\/span><\/p><\/td><td width=\"218\"><p align=\"left\"><span style=\"font-family: Calibri, serif; color: #000000;\"><span style=\"font-size: medium;\"><b>DEPARTAMENTO\/SETOR<\/b><\/span><\/span><\/p><\/td><td width=\"254\"><p align=\"left\"><span style=\"font-family: Calibri, serif; color: #000000;\"><span style=\"font-size: medium;\"><b>RESPONS\u00c1VEIS<\/b><\/span><\/span><\/p><\/td><td width=\"124\"><p align=\"left\"><span style=\"font-family: Calibri, serif; color: #000000;\"><span style=\"font-size: medium;\"><b>CEL.<\/b><\/span><\/span><\/p><\/td><td width=\"265\"><p align=\"left\"><span style=\"font-family: Calibri, serif; color: #000000;\"><span style=\"font-size: medium;\"><b>E-MAIL<\/b><\/span><\/span><\/p><\/td><\/tr><tr valign=\"top\"><td width=\"40\"><p align=\"left\"><span style=\"font-family: Calibri, serif; color: #000000;\"><span style=\"font-size: medium;\"><b>1<\/b><\/span><\/span><\/p><\/td><td width=\"218\"><p align=\"left\"><span style=\"font-family: Calibri, serif; color: #000000;\"><span style=\"font-size: small;\">PRESIDENCIA<\/span><\/span><\/p><\/td><td width=\"254\"><p align=\"left\"><span style=\"font-family: Calibri, serif; color: #000000;\"><span style=\"font-size: small;\">ANTONIO LAURENTINO DA SILVA<\/span><\/span><\/p><\/td><td width=\"124\"><p align=\"left\"><span style=\"font-family: Calibri, serif; color: #000000;\"><span style=\"font-size: small;\">(92) 99129-1524<\/span><\/span><\/p><\/td><td width=\"265\"><p align=\"left\"><span style=\"font-family: Calibri, serif; color: #000000;\"><span style=\"font-size: small;\">tonymec2009@hotmail.com<\/span><\/span><\/p><\/td><\/tr><tr valign=\"top\"><td width=\"40\"><p align=\"left\"><span style=\"font-family: Calibri, serif; color: #000000;\"><span style=\"font-size: medium;\"><b>2<\/b><\/span><\/span><\/p><\/td><td width=\"218\"><p align=\"left\"><span style=\"font-family: Calibri, serif; color: #000000;\"><span style=\"font-size: small;\">VICE-PRESIDENCIA<\/span><\/span><\/p><\/td><td width=\"254\"><p align=\"left\"><span style=\"font-family: Calibri, serif; color: #000000;\"><span style=\"font-size: small;\">AURIMAR TER\u00c7O DE OLIVEIRA<\/span><\/span><\/p><\/td><td width=\"124\"><p align=\"left\"><span style=\"font-family: Calibri, serif; color: #000000;\"><span style=\"font-size: small;\">(92) 99154-5093<\/span><\/span><\/p><\/td><td width=\"265\"><p align=\"left\"><span style=\"font-family: Calibri, serif; color: #000000;\"><span style=\"font-size: small;\">Aurimarterco@gmail.com<\/span><\/span><\/p><\/td><\/tr><tr valign=\"top\"><td width=\"40\"><p align=\"left\"><span style=\"font-family: Calibri, serif; color: #000000;\"><span style=\"font-size: medium;\"><b>3<\/b><\/span><\/span><\/p><\/td><td width=\"218\"><p align=\"left\"><span style=\"font-family: Calibri, serif; color: #000000;\"><span style=\"font-size: small;\">SECR\u00c9TARIO GERAL<\/span><\/span><\/p><\/td><td width=\"254\"><p align=\"left\"><span style=\"font-family: Calibri, serif; color: #000000;\"><span style=\"font-size: small;\">MARIA JACI LEAL COSTA PAES<\/span><\/span><\/p><\/td><td width=\"124\"><p align=\"left\"><span style=\"font-family: Calibri, serif; color: #000000;\"><span style=\"font-size: small;\">(92) 995368575<\/span><\/span><\/p><\/td><td width=\"265\">\u00a0<\/td><\/tr><tr valign=\"top\"><td width=\"40\"><p align=\"left\"><span style=\"font-family: Calibri, serif; color: #000000;\"><span style=\"font-size: medium;\"><b>4<\/b><\/span><\/span><\/p><\/td><td width=\"218\"><p align=\"left\"><span style=\"font-family: Calibri, serif; color: #000000;\"><span style=\"font-size: small;\">OUVIDORIA\/CORREGEDORIA<\/span><\/span><\/p><\/td><td width=\"254\"><p align=\"left\"><span style=\"font-family: Calibri, serif; color: #000000;\"><span style=\"font-size: small;\">F\u00c1BIO WILLIAM MENEZES<\/span><\/span><\/p><\/td><td width=\"124\"><p align=\"left\"><span style=\"font-family: Calibri, serif; color: #000000;\"><span style=\"font-size: small;\">(92) 99281-2916<\/span><\/span><\/p><\/td><td width=\"265\"><p align=\"left\"><span style=\"font-family: Calibri, serif; color: #000000;\"><span style=\"font-size: small;\">fabiomenezes.am77@gmail.com<\/span><\/span><\/p><\/td><\/tr><tr valign=\"top\"><td width=\"40\"><p align=\"left\"><span style=\"font-family: Calibri, serif; color: #000000;\"><span style=\"font-size: medium;\"><b>5<\/b><\/span><\/span><\/p><\/td><td width=\"218\"><p align=\"left\"><span style=\"font-family: Calibri, serif; color: #000000;\"><span style=\"font-size: small;\">PROCURADORIA JURIDICA<\/span><\/span><\/p><\/td><td width=\"254\"><p align=\"left\"><span style=\"font-family: Calibri, serif; color: #000000;\"><span style=\"font-size: small;\">ROSA CORR\u00caA MARQUES<\/span><\/span><\/p><\/td><td width=\"124\"><p align=\"left\"><span style=\"font-family: Calibri, serif; color: #000000;\"><span style=\"font-size: small;\">(92) 99201-8257<\/span><\/span><\/p><\/td><td width=\"265\"><p align=\"left\"><span style=\"font-family: Calibri, serif; color: #000000;\"><span style=\"font-size: small;\">Adv.rosa4613@hotmail.com<\/span><\/span><\/p><\/td><\/tr><tr valign=\"top\"><td width=\"40\"><p align=\"left\"><span style=\"font-family: Calibri, serif; color: #000000;\"><span style=\"font-size: medium;\"><b>6<\/b><\/span><\/span><\/p><\/td><td width=\"218\"><p align=\"left\"><span style=\"font-family: Calibri, serif; color: #000000;\"><span style=\"font-size: small;\">CONTROLADORA INTERNA<\/span><\/span><\/p><\/td><td width=\"254\"><p align=\"left\"><span style=\"font-family: Calibri, serif; color: #000000;\"><span style=\"font-size: small;\">SELMA VIANA DE OLIVEIRA<\/span><\/span><\/p><\/td><td width=\"124\"><p align=\"left\"><span style=\"font-family: Calibri, serif; color: #000000;\"><span style=\"font-size: small;\">(92) 99135-1218<\/span><\/span><\/p><\/td><td width=\"265\"><p align=\"left\"><span style=\"font-family: Calibri, serif; color: #000000;\"><span style=\"font-size: small;\">selma.viana.oliveira@hotmail.com<\/span><\/span><\/p><\/td><\/tr><tr valign=\"top\"><td width=\"40\"><p align=\"left\"><span style=\"font-family: Calibri, serif; color: #000000;\"><span style=\"font-size: medium;\"><b>7<\/b><\/span><\/span><\/p><\/td><td width=\"218\"><p align=\"left\"><span style=\"font-family: Calibri, serif; color: #000000;\"><span style=\"font-size: small;\">SE\u00c7\u00c3O DE PESSOAL<\/span><\/span><\/p><\/td><td width=\"254\"><p align=\"left\"><span style=\"font-family: Calibri, serif; color: #000000;\"><span style=\"font-size: small;\">CLOVIS LAVAREDA PENA<\/span><\/span><\/p><\/td><td width=\"124\"><p align=\"left\"><span style=\"font-family: Calibri, serif; color: #000000;\"><span style=\"font-size: small;\">(92)99220-0333<\/span><\/span><\/p><\/td><td width=\"265\"><p align=\"left\"><span style=\"font-family: Calibri, serif; color: #000000;\"><span style=\"font-size: small;\">clovispena@gmail.com<\/span><\/span><\/p><\/td><\/tr><tr valign=\"top\"><td width=\"40\"><p align=\"left\"><span style=\"font-family: Calibri, serif; color: #000000;\"><span style=\"font-size: medium;\"><b>8<\/b><\/span><\/span><\/p><\/td><td width=\"218\"><p align=\"left\"><span style=\"font-family: Calibri, serif; color: #000000;\"><span style=\"font-size: small;\">TESOURARIA<\/span><\/span><\/p><\/td><td width=\"254\"><p align=\"left\"><span style=\"font-family: Calibri, serif; color: #000000;\"><span style=\"font-size: small;\">LEONARDO MONTEIRO PIRES<\/span><\/span><\/p><\/td><td width=\"124\"><p align=\"left\"><span style=\"font-family: Calibri, serif; color: #000000;\"><span style=\"font-size: small;\">(92)99100-7464<\/span><\/span><\/p><\/td><td width=\"265\"><p align=\"left\"><span style=\"font-family: Calibri, serif; color: #000000;\"><span style=\"font-size: small;\">leonardopiresttk@gmil.com<\/span><\/span><\/p><\/td><\/tr><tr valign=\"top\"><td width=\"40\"><p align=\"left\"><span style=\"font-family: Calibri, serif; color: #000000;\"><span style=\"font-size: medium;\"><b>9<\/b><\/span><\/span><\/p><\/td><td width=\"218\"><p align=\"left\"><span style=\"font-family: Calibri, serif; color: #000000;\"><span style=\"font-size: small;\">DIRETOR ADMINISTRATIVO<\/span><\/span><\/p><\/td><td width=\"254\"><p align=\"left\"><span style=\"font-family: Calibri, serif; color: #000000;\"><span style=\"font-size: small;\">RA\u00cd ROBERT DA SILVA GOMES<\/span><\/span><\/p><\/td><td width=\"124\"><p align=\"left\"><span style=\"font-family: Calibri, serif; color: #000000;\"><span style=\"font-size: small;\">(92)99395-6158<\/span><\/span><\/p><\/td><td width=\"265\"><p align=\"left\"><span style=\"font-family: Calibri, serif; color: #000000;\"><span style=\"font-size: small;\">contrgomes@gmail.com<\/span><\/span><\/p><\/td><\/tr><tr valign=\"top\"><td width=\"40\"><p align=\"left\"><span style=\"font-family: Calibri, serif; color: #000000;\"><span style=\"font-size: medium;\"><b>10<\/b><\/span><\/span><\/p><\/td><td width=\"218\"><p align=\"left\"><span style=\"font-family: Calibri, serif; color: #000000;\"><span style=\"font-size: small;\">DIRETOR DE CERIMONIAL E EVENTOS<\/span><\/span><\/p><\/td><td width=\"254\"><p align=\"left\"><span style=\"font-family: Calibri, serif; color: #000000;\"><span style=\"font-size: small;\">GENESES SERRAO RIBEIRO<\/span><\/span><\/p><\/td><td width=\"124\"><p align=\"left\"><span style=\"font-family: Calibri, serif; color: #000000;\"><span style=\"font-size: small;\">(92)99519-7916<\/span><\/span><\/p><\/td><td width=\"265\"><p align=\"left\"><span style=\"font-family: Calibri, serif; color: #000000;\"><span style=\"font-size: small;\">geneses.2013@hotmail.com<\/span><\/span><\/p><\/td><\/tr><tr valign=\"top\"><td width=\"40\" height=\"5\"><p align=\"left\"><span style=\"font-family: Calibri, serif; color: #000000;\"><span style=\"font-size: medium;\"><b>11<\/b><\/span><\/span><\/p><\/td><td width=\"218\"><p align=\"left\"><span style=\"font-family: Calibri, serif; color: #000000;\"><span style=\"font-size: small;\">PROTOCOLO<\/span><\/span><\/p><\/td><td width=\"254\"><p align=\"left\"><span style=\"font-family: Calibri, serif; color: #000000;\"><span style=\"font-size: small;\">MARIA TELMA DOS SANTOS MARQUES<\/span><\/span><\/p><\/td><td width=\"124\"><p align=\"left\"><span style=\"font-family: Calibri, serif; color: #000000;\"><span style=\"font-size: small;\">(92)99442-9843<\/span><\/span><\/p><\/td><td width=\"265\">\u00a0<\/td><\/tr><tr valign=\"top\"><td width=\"40\" height=\"7\"><p align=\"left\"><span style=\"font-family: Calibri, serif; color: #000000;\"><span style=\"font-size: medium;\"><b>12<\/b><\/span><\/span><\/p><\/td><td width=\"218\"><p align=\"left\"><span style=\"font-family: Calibri, serif; color: #000000;\"><span style=\"font-size: small;\">SERVI\u00c7O DE INFORMA\u00c7\u00c3O AO CIDADAD\u00c3O<\/span><\/span><\/p><\/td><td width=\"254\"><p align=\"left\"><span style=\"font-family: Calibri, serif; color: #000000;\"><span style=\"font-size: small;\">IRONILSON MONTEIRO PINTO<\/span><\/span><\/p><\/td><td width=\"124\"><p align=\"left\"><span style=\"font-family: Calibri, serif; color: #000000;\"><span style=\"font-size: small;\">(92)99102-9832<\/span><\/span><\/p><\/td><td width=\"265\"><p align=\"left\"><span style=\"font-family: Calibri, serif; color: #000000;\"><span style=\"font-size: small;\">prassorriso@gmail.com<\/span><\/span><\/p><\/td><\/tr><\/tbody><\/table><p>\u00a0<\/p><\/div>\n\t\t\t\t\t\t\t\t\t<div class=\"elementor-tab-title elementor-tab-mobile-title\" aria-selected=\"false\" data-tab=\"5\" role=\"tab\" tabindex=\"-1\" aria-controls=\"elementor-tab-content-1175\" aria-expanded=\"false\">Hist\u00f3rico de Prefeito e Vereadores<\/div>\n\t\t\t\t\t<div id=\"elementor-tab-content-1175\" class=\"elementor-tab-content elementor-clearfix\" data-tab=\"5\" role=\"tabpanel\" aria-labelledby=\"elementor-tab-title-1175\" tabindex=\"0\" hidden=\"hidden\"><div id='UseyourDrive' class=' files  wpcp-has-scroll-to-top' style='display:none'><noscript><div class='UseyourDrive-nojsmessage'>Para visualizar este conte\u00fado, voc\u00ea precisa ter o JavaScript habilitado em seu navegador.<br\/><a href=\"http:\/\/www.enable-javascript.com\/\" target=\"_blank\" rel=\"noopener\">Para fazer isso, siga estas instru\u00e7\u00f5es<\/a>.<\/div><\/noscript><div id='UseyourDrive-b34964d4ca9c3cfff5ee9ff474eb6a5c' class='wpcp-module UseyourDrive files jsdisabled wpcp-thumb-view' data-list='files' data-token='b34964d4ca9c3cfff5ee9ff474eb6a5c' data-account-id='117869479987819160079' data-id='' data-path='bnVsbA==' data-source='79b568a02bb9337531d596d2693db6d7' data-sort='name:asc' data-org-id='' data-org-path='bnVsbA==' data-layout='grid' data-popout='0' data-lightboxnav='1'  data-lightboxthumbs='1' data-query='' data-action='0'><div class=\"list-container\" style=\"width:100%;max-width:100%;\">    <div class=\"nav-header nav-header-has-breadcrumb\">        <a class=\"nav-home entry-info-button\" title=\"Volte para a pasta inicial\" tabindex=\"0\">\r\n            <i class=\"eva eva-home-outline\"><\/i>\r\n        <\/a>\r\n        <div class=\"nav-title\">Carregando&#8230;<\/div>\r\n                <a class=\"nav-search entry-info-button\" tabindex=\"0\">\r\n            <i class=\"eva eva-search\"><\/i>\r\n        <\/a>\r\n\r\n        <div class=\"tippy-content-holder search-div\">\r\n            <div class=\"search-icon\"><i class=\"eva eva-search eva-lg\"><\/i><\/div>\r\n            <div class=\"search-remove\"><i class=\"eva eva-close-circle eva-lg\"><\/i><\/div>\r\n            <input name=\"q\" type=\"text\" size=\"40\" aria-label=\"Pesquisar\" placeholder=\"Procurar arquivos\" class=\"search-input\" \/>\r\n        <\/div>\r\n        \r\n        <a class=\"nav-sort entry-info-button\" title=\"Op\u00e7\u00f5es de classifica\u00e7\u00e3o\">\r\n            <i class=\"eva eva-options\"><\/i>\r\n        <\/a>\r\n        <div class=\"tippy-content-holder sort-div\">\r\n            <ul class='nav-sorting-list'>\r\n                <li><a class=\"nav-sorting-field nav-name sort-selected\" data-field=\"name\" title=\"Nome\">\r\n                        Nome                    <\/a>\r\n                <\/li>\r\n                <li><a class=\"nav-sorting-field nav-size \" data-field=\"size\" title=\"Tamanho\">\r\n                        Tamanho                    <\/a>\r\n                <\/li>\r\n                <li><a class=\"nav-sorting-field nav-modified \" data-field=\"modified\" title=\"Modificado\">\r\n                        Modificado                    <\/a>\r\n                <\/li>\r\n                <li><a class=\"nav-sorting-field nav-created \" data-field=\"created\" title=\"Data de cria\u00e7\u00e3o\">\r\n                        Data de cria\u00e7\u00e3o                    <\/a>\r\n                <\/li>\r\n                <li class=\"list-separator\">&nbsp;<\/li>\r\n                <li><a class=\"nav-sorting-order nav-asc sort-selected\" data-order=\"asc\" title=\"Ascendente\">\r\n                        Ascendente                    <\/a>\r\n                <\/li>\r\n                <li><a class=\"nav-sorting-order nav-desc \" data-order=\"desc\" title=\"Descendente\">\r\n                        Descendente                    <\/a>\r\n                <\/li>\r\n            <\/ul>\r\n        <\/div>\r\n\r\n        <a class=\"nav-gear entry-info-button\" title=\"Mais a\u00e7\u00f5es\">\r\n            <i class=\"eva eva-more-vertical-outline\"><\/i>\r\n        <\/a>\r\n        <div class=\"tippy-content-holder gear-div\" data-token=\"b34964d4ca9c3cfff5ee9ff474eb6a5c\">\r\n            <ul data-id=\"b34964d4ca9c3cfff5ee9ff474eb6a5c\">\r\n\r\n                                <li style=\"display: none\"><a class=\"nav-layout nav-layout-grid\" title=\"Ver em grade\">\r\n                        <i class=\"eva eva-grid-outline eva-lg\"><\/i>Ver em grade                    <\/a>\r\n                <\/li>\r\n                <li><a class=\"nav-layout nav-layout-list\" title=\"Ver em lista\">\r\n                        <i class=\"eva eva-list-outline eva-lg\"><\/i>Ver em lista                    <\/a>\r\n                <\/li>\r\n                        <li class='gear-menu-no-options' style=\"display: none\"><a><i class='eva eva-info-outline eva-lg'><\/i>Sem op\u00e7\u00f5es&#8230;<\/a><\/li>\r\n            <\/ul>\r\n        <\/div>\r\n                        <a class=\"nav-refresh entry-info-button\" title=\"Atualizar\">\r\n                    <i class=\"eva eva-sync\"><\/i>\r\n                <\/a>\r\n                <\/div>    <div class=\"file-container\">\r\n        <div class=\"loading initialize\">            <svg class=\"loader-spinner\" viewBox=\"25 25 50 50\">\r\n                <circle class=\"path\" cx=\"50\" cy=\"50\" r=\"20\" fill=\"none\" stroke-width=\"3\" stroke-miterlimit=\"10\"><\/circle>\r\n            <\/svg>\r\n                    <\/div>\r\n        <div class=\"ajax-filelist\" style=\"\">\r\n            <div class='files'>\r\n                <div class=\"folders-container\"><div class=\"entry folder skeleton-entry\">\r\n    <div class=\"entry_block\">\r\n                <div class=\"entry-info\">\r\n            <div class=\"entry-info-icon skeleton skeleton-icon\"><\/div>\r\n            <div class=\"entry-info-name\"><span class=\"skeleton skeleton-text\"><\/span><\/div>\r\n                    <\/div>\r\n    <\/div>\r\n<\/div>\r\n<div class=\"entry folder skeleton-entry\">\r\n    <div class=\"entry_block\">\r\n                <div class=\"entry-info\">\r\n            <div class=\"entry-info-icon skeleton skeleton-icon\"><\/div>\r\n            <div class=\"entry-info-name\"><span class=\"skeleton skeleton-text\"><\/span><\/div>\r\n                    <\/div>\r\n    <\/div>\r\n<\/div>\r\n<div class=\"entry folder skeleton-entry\">\r\n    <div class=\"entry_block\">\r\n                <div class=\"entry-info\">\r\n            <div class=\"entry-info-icon skeleton skeleton-icon\"><\/div>\r\n            <div class=\"entry-info-name\"><span class=\"skeleton skeleton-text\"><\/span><\/div>\r\n                    <\/div>\r\n    <\/div>\r\n<\/div>\r\n<\/div>\r\n                <div class=\"files-container\"><div class=\"entry file skeleton-entry\">\r\n    <div class=\"entry_block\">\r\n         <div class=\"entry_thumbnail skeleton skeleton-img\"><\/div>        <div class=\"entry-info\">\r\n            <div class=\"entry-info-icon skeleton skeleton-icon\"><\/div>\r\n            <div class=\"entry-info-name\"><span class=\"skeleton skeleton-text\"><\/span><\/div>\r\n                        <div class=\"entry-info-modified-date skeleton skeleton-text-small\"><\/div>\r\n            <div class=\"entry-info-size skeleton skeleton-text-small\"><\/div>\r\n                    <\/div>\r\n    <\/div>\r\n<\/div>\r\n<div class=\"entry file skeleton-entry\">\r\n    <div class=\"entry_block\">\r\n         <div class=\"entry_thumbnail skeleton skeleton-img\"><\/div>        <div class=\"entry-info\">\r\n            <div class=\"entry-info-icon skeleton skeleton-icon\"><\/div>\r\n            <div class=\"entry-info-name\"><span class=\"skeleton skeleton-text\"><\/span><\/div>\r\n                        <div class=\"entry-info-modified-date skeleton skeleton-text-small\"><\/div>\r\n            <div class=\"entry-info-size skeleton skeleton-text-small\"><\/div>\r\n                    <\/div>\r\n    <\/div>\r\n<\/div>\r\n<div class=\"entry file skeleton-entry\">\r\n    <div class=\"entry_block\">\r\n         <div class=\"entry_thumbnail skeleton skeleton-img\"><\/div>        <div class=\"entry-info\">\r\n            <div class=\"entry-info-icon skeleton skeleton-icon\"><\/div>\r\n            <div class=\"entry-info-name\"><span class=\"skeleton skeleton-text\"><\/span><\/div>\r\n                        <div class=\"entry-info-modified-date skeleton skeleton-text-small\"><\/div>\r\n            <div class=\"entry-info-size skeleton skeleton-text-small\"><\/div>\r\n                    <\/div>\r\n    <\/div>\r\n<\/div>\r\n<div class=\"entry file skeleton-entry\">\r\n    <div class=\"entry_block\">\r\n         <div class=\"entry_thumbnail skeleton skeleton-img\"><\/div>        <div class=\"entry-info\">\r\n            <div class=\"entry-info-icon skeleton skeleton-icon\"><\/div>\r\n            <div class=\"entry-info-name\"><span class=\"skeleton skeleton-text\"><\/span><\/div>\r\n                        <div class=\"entry-info-modified-date skeleton skeleton-text-small\"><\/div>\r\n            <div class=\"entry-info-size skeleton skeleton-text-small\"><\/div>\r\n                    <\/div>\r\n    <\/div>\r\n<\/div>\r\n<div class=\"entry file skeleton-entry\">\r\n    <div class=\"entry_block\">\r\n         <div class=\"entry_thumbnail skeleton skeleton-img\"><\/div>        <div class=\"entry-info\">\r\n            <div class=\"entry-info-icon skeleton skeleton-icon\"><\/div>\r\n            <div class=\"entry-info-name\"><span class=\"skeleton skeleton-text\"><\/span><\/div>\r\n                        <div class=\"entry-info-modified-date skeleton skeleton-text-small\"><\/div>\r\n            <div class=\"entry-info-size skeleton skeleton-text-small\"><\/div>\r\n                    <\/div>\r\n    <\/div>\r\n<\/div>\r\n<\/div>\r\n            <\/div>\r\n        <\/div>\r\n        <div class=\"scroll-to-top\">\r\n            <button class=\"scroll-to-top-action button button-round-icon secondary button-round-icon-lg button-shadow-3\" type=\"button\" title=\"Rolar para o Topo\" aria-expanded=\"false\"><i class=\"eva eva-arrow-upward-outline eva-2x\"><\/i><\/button>     \r\n                    <\/div>\r\n    <\/div>\r\n<\/div><\/div><script type='text\/javascript'>if (typeof(jQuery) !== 'undefined' && typeof(jQuery.cp) !== 'undefined' && typeof(jQuery.cp.UseyourDrive) === 'function') { jQuery('#UseyourDrive-b34964d4ca9c3cfff5ee9ff474eb6a5c').UseyourDrive(UseyourDrive_vars); };<\/script><\/div><\/div>\n\t\t\t\t\t\t\t<\/div>\n\t\t<\/div>\n\t\t\t\t<\/div>\n\t\t\t\t<\/div>\n\t\t\t\t\t\t<\/div>\n\t\t\t\t\t<\/div>\n\t\t<\/div>\n\t\t\t\t\t\t\t\t<\/div>\n\t\t\t\t\t<\/div>\n\t\t<\/section>\n\t\t\t\t\t\t\t\t\t<\/div>\n\t\t\t<\/div>\n\t\t\t\t\t<\/div>\n\t\t","protected":false},"excerpt":{"rendered":"<p>Organizacional Servidores Vereadores Mesa Diretora Departamentos Hist\u00f3rico de Prefeito e Vereadores Servidores Rela\u00e7\u00e3o dos servidores da C\u00e2mara Municipal de Urucar\u00e1 no Exerc\u00edcio de 2025 CAMARA MUNCIPAL DE URUCAR\u00c1 RUA CORONEL PINTO, 498 CENTRO URUCAR\u00c1-AM CNPJ: 84 091.883\/0001-82 Rela\u00e7\u00e3o dos Servidores da C\u00e2mara Municipal de Urucar\u00e1 Nome Data de Admiss\u00e3o Cargo\/Fun\u00e7\u00e3o\/Emprego SERVIDORES EFETIVOS \u00a0 \u00a0 JOSUE&hellip; <a class=\"more-link\" href=\"https:\/\/www.perseusdata2.com\/pmcamurucara\/organizacional\/\">Continuar lendo <span class=\"screen-reader-text\">Organizacional<\/span><\/a><\/p>\n","protected":false},"author":1,"featured_media":1786,"parent":0,"menu_order":0,"comment_status":"closed","ping_status":"closed","template":"elementor_header_footer","meta":{"_coblocks_attr":"","_coblocks_dimensions":"","_coblocks_responsive_height":"","_coblocks_accordion_ie_support":""},"_links":{"self":[{"href":"https:\/\/www.perseusdata2.com\/pmcamurucara\/wp-json\/wp\/v2\/pages\/179"}],"collection":[{"href":"https:\/\/www.perseusdata2.com\/pmcamurucara\/wp-json\/wp\/v2\/pages"}],"about":[{"href":"https:\/\/www.perseusdata2.com\/pmcamurucara\/wp-json\/wp\/v2\/types\/page"}],"author":[{"embeddable":true,"href":"https:\/\/www.perseusdata2.com\/pmcamurucara\/wp-json\/wp\/v2\/users\/1"}],"replies":[{"embeddable":true,"href":"https:\/\/www.perseusdata2.com\/pmcamurucara\/wp-json\/wp\/v2\/comments?post=179"}],"version-history":[{"count":178,"href":"https:\/\/www.perseusdata2.com\/pmcamurucara\/wp-json\/wp\/v2\/pages\/179\/revisions"}],"predecessor-version":[{"id":1886,"href":"https:\/\/www.perseusdata2.com\/pmcamurucara\/wp-json\/wp\/v2\/pages\/179\/revisions\/1886"}],"wp:featuredmedia":[{"embeddable":true,"href":"https:\/\/www.perseusdata2.com\/pmcamurucara\/wp-json\/wp\/v2\/media\/1786"}],"wp:attachment":[{"href":"https:\/\/www.perseusdata2.com\/pmcamurucara\/wp-json\/wp\/v2\/media?parent=179"}],"curies":[{"name":"wp","href":"https:\/\/api.w.org\/{rel}","templated":true}]}}